{"id":5369,"date":"2024-01-14T13:52:50","date_gmt":"2024-01-14T12:52:50","guid":{"rendered":"https:\/\/new.skamex.com.pl\/oferta\/pozostaly-sprzet-medyczny\/srodki-ochrony-indywidualnej\/fartuch-wlokninowy-podfoliowany-niejalowy"},"modified":"2024-01-14T13:52:50","modified_gmt":"2024-01-14T12:52:50","slug":"fartuch-wlokninowy-podfoliowany-niejalowy","status":"publish","type":"sk_offer","link":"https:\/\/www.skamex.com.pl\/oferta\/pozostaly-sprzet-medyczny\/srodki-ochrony-indywidualnej\/fartuch-wlokninowy-podfoliowany-niejalowy","title":{"rendered":"Fartuch w\u0142\u00f3kninowy podfoliowany nieja\u0142owy"},"content":{"rendered":"<p style=\"text-align: justify;\">Far\u00adtuch w\u0142\u00f3kni\u00adnowy jed\u00adno\u00adra\u00adzowy, nie\u00adja\u0142owy. Pro\u00addukt wyko\u00adnany z wytrzy\u00adma\u0142ej pod\u00adfo\u00adliowanej w\u0142\u00f3kniny polipropy\u00adlenowej. Chroni przed niebez\u00adpieczny\u00admi czyn\u00adnika\u00admi bio\u00adlog\u00adiczny\u00admi.<\/p>\n<h2 style=\"text-align: justify;\"><strong><span style=\"font-size:14px;\">Fartuch medyczny \u2013 \u015brodek ochrony osobistej<\/span><\/strong><\/h2>\n<p style=\"text-align: justify;\">Far\u00adtuch jest wyr\u00f3bem medy\u00adcznym klasy I.<\/p>\n<p style=\"text-align: justify;\">Far\u00adtuch (b\u0119d\u0105\u00adcy cz\u0119\u015b\u00adci\u0105 odzie\u017cy medy\u00adcznej), posi\u00ada\u00adda wi\u0105zane w pasie tro\u00adki. Dzi\u0119\u00adki nim mo\u017c\u00adna go w \u0142atwy spos\u00f3b dopa\u00adsowa\u0107 do ka\u017cdej syl\u00adwet\u00adki.<\/p>\n<p style=\"text-align: justify;\">Elasty\u00adczne \u015bci\u0105\u00adgacze r\u0119kaw\u00f3w zapo\u00adb\u00adie\u00adga\u00adj\u0105 ich zsuwa\u00adniu si\u0119 oraz \u015bwiet\u00adnie zabez\u00adpiecza\u00adj\u0105 r\u0119ce.<\/p>\n","protected":false},"excerpt":{"rendered":"<p>Far\u00adtuch w\u0142\u00f3kni\u00adnowy jed\u00adno\u00adra\u00adzowy, nie\u00adja\u0142owy. Pro\u00addukt wyko\u00adnany z wytrzy\u00adma\u0142ej pod\u00adfo\u00adliowanej w\u0142\u00f3kniny polipropy\u00adlenowej. Chroni przed niebez\u00adpieczny\u00admi czyn\u00adnika\u00admi bio\u00adlog\u00adiczny\u00admi. Far\u00adtuch medy\u00adczny \u2013 \u015brodek ochrony oso\u00adbis\u00adtej Far\u00adtuch jest wyr\u00f3bem medy\u00adcznym klasy I. Far\u00adtuch (b\u0119d\u0105\u00adcy cz\u0119\u015b\u00adci\u0105 odzie\u017cy medy\u00adcznej), posi\u00ada\u00adda wi\u0105zane w pasie tro\u00adki. Dzi\u0119\u00adki nim mo\u017c\u00adna go w \u0142atwy spos\u00f3b dopa\u00adsowa\u0107 do ka\u017cdej syl\u00adwet\u00adki. Elasty\u00adczne \u015bci\u0105\u00adgacze r\u0119kaw\u00f3w zapo\u00adb\u00adie\u00adga\u00adj\u0105 ich zsuwa\u00adniu [\u2026]<\/p>\n","protected":false},"featured_media":3437,"parent":5353,"menu_order":16,"template":"","sk_product_group":[],"class_list":["post-5369","sk_offer","type-sk_offer","status-publish","has-post-thumbnail","hentry"],"yoast_head":"<!-- This site is optimized with the Yoast SEO plugin v27.1.1 - https:\/\/yoast.com\/product\/yoast-seo-wordpress\/ -->\n<title>Fartuch w\u0142\u00f3kninowy podfoliowany nieja\u0142owy - Skamex Stawiamy na Jako\u015b\u0107 w Trosce o Bezpiecze\u0144stwo<\/title>\n<meta name=\"robots\" content=\"index, follow, max-snippet:-1, max-image-preview:large, max-video-preview:-1\" \/>\n<link rel=\"canonical\" href=\"https:\/\/www.skamex.com.pl\/oferta\/pozostaly-sprzet-medyczny\/srodki-ochrony-indywidualnej\/fartuch-wlokninowy-podfoliowany-niejalowy\" \/>\n<meta property=\"og:locale\" content=\"pl_PL\" \/>\n<meta property=\"og:type\" content=\"article\" \/>\n<meta property=\"og:title\" content=\"Fartuch w\u0142\u00f3kninowy podfoliowany nieja\u0142owy - Skamex Stawiamy na Jako\u015b\u0107 w Trosce o Bezpiecze\u0144stwo\" \/>\n<meta property=\"og:description\" content=\"Far\u00adtuch w\u0142\u00f3kni\u00adnowy jed\u00adno\u00adra\u00adzowy, nie\u00adja\u0142owy. Pro\u00addukt wyko\u00adnany z wytrzy\u00adma\u0142ej pod\u00adfo\u00adliowanej w\u0142\u00f3kniny polipropy\u00adlenowej. Chroni przed niebez\u00adpieczny\u00admi czyn\u00adnika\u00admi bio\u00adlog\u00adiczny\u00admi. Fartuch medyczny \u2013 \u015brodek ochrony osobistej Far\u00adtuch jest wyr\u00f3bem medy\u00adcznym klasy I. Far\u00adtuch (b\u0119d\u0105\u00adcy cz\u0119\u015b\u00adci\u0105 odzie\u017cy medy\u00adcznej), posi\u00ada\u00adda wi\u0105zane w pasie tro\u00adki. Dzi\u0119\u00adki nim mo\u017c\u00adna go w \u0142atwy spos\u00f3b dopa\u00adsowa\u0107 do ka\u017cdej syl\u00adwet\u00adki. Elasty\u00adczne \u015bci\u0105\u00adgacze r\u0119kaw\u00f3w zapo\u00adb\u00adie\u00adga\u00adj\u0105 ich zsuwa\u00adniu [&hellip;]\" \/>\n<meta property=\"og:url\" content=\"https:\/\/www.skamex.com.pl\/oferta\/pozostaly-sprzet-medyczny\/srodki-ochrony-indywidualnej\/fartuch-wlokninowy-podfoliowany-niejalowy\" \/>\n<meta property=\"og:site_name\" content=\"Skamex\" \/>\n<meta property=\"article:publisher\" content=\"https:\/\/www.facebook.com\/skamex\/\" \/>\n<meta property=\"og:image\" content=\"https:\/\/www.skamex.com.pl\/wp-content\/uploads\/2024\/01\/fartuch-podfoliowany-niejalowy1_1773.jpg\" \/>\n\t<meta property=\"og:image:width\" content=\"655\" \/>\n\t<meta property=\"og:image:height\" content=\"1859\" \/>\n\t<meta property=\"og:image:type\" content=\"image\/jpeg\" \/>\n<meta name=\"twitter:card\" content=\"summary_large_image\" \/>\n<script type=\"application\/ld+json\" class=\"yoast-schema-graph\">{\"@context\":\"https:\/\/schema.org\",\"@graph\":[{\"@type\":\"WebPage\",\"@id\":\"https:\/\/www.skamex.com.pl\/oferta\/pozostaly-sprzet-medyczny\/srodki-ochrony-indywidualnej\/fartuch-wlokninowy-podfoliowany-niejalowy\",\"url\":\"https:\/\/www.skamex.com.pl\/oferta\/pozostaly-sprzet-medyczny\/srodki-ochrony-indywidualnej\/fartuch-wlokninowy-podfoliowany-niejalowy\",\"name\":\"Fartuch w\u0142\u00f3kninowy podfoliowany nieja\u0142owy - Skamex Stawiamy na Jako\u015b\u0107 w Trosce o Bezpiecze\u0144stwo\",\"isPartOf\":{\"@id\":\"https:\/\/www.skamex.com.pl\/#website\"},\"primaryImageOfPage\":{\"@id\":\"https:\/\/www.skamex.com.pl\/oferta\/pozostaly-sprzet-medyczny\/srodki-ochrony-indywidualnej\/fartuch-wlokninowy-podfoliowany-niejalowy#primaryimage\"},\"image\":{\"@id\":\"https:\/\/www.skamex.com.pl\/oferta\/pozostaly-sprzet-medyczny\/srodki-ochrony-indywidualnej\/fartuch-wlokninowy-podfoliowany-niejalowy#primaryimage\"},\"thumbnailUrl\":\"https:\/\/www.skamex.com.pl\/wp-content\/uploads\/2024\/01\/fartuch-podfoliowany-niejalowy1_1773.jpg\",\"datePublished\":\"2024-01-14T12:52:50+00:00\",\"breadcrumb\":{\"@id\":\"https:\/\/www.skamex.com.pl\/oferta\/pozostaly-sprzet-medyczny\/srodki-ochrony-indywidualnej\/fartuch-wlokninowy-podfoliowany-niejalowy#breadcrumb\"},\"inLanguage\":\"pl-PL\",\"potentialAction\":[{\"@type\":\"ReadAction\",\"target\":[\"https:\/\/www.skamex.com.pl\/oferta\/pozostaly-sprzet-medyczny\/srodki-ochrony-indywidualnej\/fartuch-wlokninowy-podfoliowany-niejalowy\"]}]},{\"@type\":\"ImageObject\",\"inLanguage\":\"pl-PL\",\"@id\":\"https:\/\/www.skamex.com.pl\/oferta\/pozostaly-sprzet-medyczny\/srodki-ochrony-indywidualnej\/fartuch-wlokninowy-podfoliowany-niejalowy#primaryimage\",\"url\":\"https:\/\/www.skamex.com.pl\/wp-content\/uploads\/2024\/01\/fartuch-podfoliowany-niejalowy1_1773.jpg\",\"contentUrl\":\"https:\/\/www.skamex.com.pl\/wp-content\/uploads\/2024\/01\/fartuch-podfoliowany-niejalowy1_1773.jpg\",\"width\":655,\"height\":1859},{\"@type\":\"BreadcrumbList\",\"@id\":\"https:\/\/www.skamex.com.pl\/oferta\/pozostaly-sprzet-medyczny\/srodki-ochrony-indywidualnej\/fartuch-wlokninowy-podfoliowany-niejalowy#breadcrumb\",\"itemListElement\":[{\"@type\":\"ListItem\",\"position\":1,\"name\":\"Strona g\u0142\u00f3wna\",\"item\":\"https:\/\/www.skamex.com.pl\/\"},{\"@type\":\"ListItem\",\"position\":2,\"name\":\"Oferta\",\"item\":\"https:\/\/www.skamex.com.pl\/oferta\"},{\"@type\":\"ListItem\",\"position\":3,\"name\":\"Fartuch w\u0142\u00f3kninowy podfoliowany nieja\u0142owy\"}]},{\"@type\":\"WebSite\",\"@id\":\"https:\/\/www.skamex.com.pl\/#website\",\"url\":\"https:\/\/www.skamex.com.pl\/\",\"name\":\"Skamex- Jako\u015b\u0107 w trosce o bezpiecze\u0144stwo\",\"description\":\"\",\"publisher\":{\"@id\":\"https:\/\/www.skamex.com.pl\/#organization\"},\"potentialAction\":[{\"@type\":\"SearchAction\",\"target\":{\"@type\":\"EntryPoint\",\"urlTemplate\":\"https:\/\/www.skamex.com.pl\/?s={search_term_string}\"},\"query-input\":{\"@type\":\"PropertyValueSpecification\",\"valueRequired\":true,\"valueName\":\"search_term_string\"}}],\"inLanguage\":\"pl-PL\"},{\"@type\":\"Organization\",\"@id\":\"https:\/\/www.skamex.com.pl\/#organization\",\"name\":\"Skamex\",\"url\":\"https:\/\/www.skamex.com.pl\/\",\"logo\":{\"@type\":\"ImageObject\",\"inLanguage\":\"pl-PL\",\"@id\":\"https:\/\/www.skamex.com.pl\/#\/schema\/logo\/image\/\",\"url\":\"https:\/\/www.skamex.com.pl\/wp-content\/uploads\/2024\/02\/logo_skamex-e1715849609970.png\",\"contentUrl\":\"https:\/\/www.skamex.com.pl\/wp-content\/uploads\/2024\/02\/logo_skamex-e1715849609970.png\",\"width\":1312,\"height\":318,\"caption\":\"Skamex\"},\"image\":{\"@id\":\"https:\/\/www.skamex.com.pl\/#\/schema\/logo\/image\/\"},\"sameAs\":[\"https:\/\/www.facebook.com\/skamex\/\",\"https:\/\/www.linkedin.com\/company\/skamex\"]}]}<\/script>\n<!-- \/ Yoast SEO plugin. -->","yoast_head_json":{"title":"Fartuch w\u0142\u00f3kninowy podfoliowany nieja\u0142owy - Skamex Stawiamy na Jako\u015b\u0107 w Trosce o Bezpiecze\u0144stwo","robots":{"index":"index","follow":"follow","max-snippet":"max-snippet:-1","max-image-preview":"max-image-preview:large","max-video-preview":"max-video-preview:-1"},"canonical":"https:\/\/www.skamex.com.pl\/oferta\/pozostaly-sprzet-medyczny\/srodki-ochrony-indywidualnej\/fartuch-wlokninowy-podfoliowany-niejalowy","og_locale":"pl_PL","og_type":"article","og_title":"Fartuch w\u0142\u00f3kninowy podfoliowany nieja\u0142owy - Skamex Stawiamy na Jako\u015b\u0107 w Trosce o Bezpiecze\u0144stwo","og_description":"Far\u00adtuch w\u0142\u00f3kni\u00adnowy jed\u00adno\u00adra\u00adzowy, nie\u00adja\u0142owy. Pro\u00addukt wyko\u00adnany z wytrzy\u00adma\u0142ej pod\u00adfo\u00adliowanej w\u0142\u00f3kniny polipropy\u00adlenowej. Chroni przed niebez\u00adpieczny\u00admi czyn\u00adnika\u00admi bio\u00adlog\u00adiczny\u00admi. Fartuch medyczny \u2013 \u015brodek ochrony osobistej Far\u00adtuch jest wyr\u00f3bem medy\u00adcznym klasy I. Far\u00adtuch (b\u0119d\u0105\u00adcy cz\u0119\u015b\u00adci\u0105 odzie\u017cy medy\u00adcznej), posi\u00ada\u00adda wi\u0105zane w pasie tro\u00adki. Dzi\u0119\u00adki nim mo\u017c\u00adna go w \u0142atwy spos\u00f3b dopa\u00adsowa\u0107 do ka\u017cdej syl\u00adwet\u00adki. Elasty\u00adczne \u015bci\u0105\u00adgacze r\u0119kaw\u00f3w zapo\u00adb\u00adie\u00adga\u00adj\u0105 ich zsuwa\u00adniu [&hellip;]","og_url":"https:\/\/www.skamex.com.pl\/oferta\/pozostaly-sprzet-medyczny\/srodki-ochrony-indywidualnej\/fartuch-wlokninowy-podfoliowany-niejalowy","og_site_name":"Skamex","article_publisher":"https:\/\/www.facebook.com\/skamex\/","og_image":[{"width":655,"height":1859,"url":"https:\/\/www.skamex.com.pl\/wp-content\/uploads\/2024\/01\/fartuch-podfoliowany-niejalowy1_1773.jpg","type":"image\/jpeg"}],"twitter_card":"summary_large_image","schema":{"@context":"https:\/\/schema.org","@graph":[{"@type":"WebPage","@id":"https:\/\/www.skamex.com.pl\/oferta\/pozostaly-sprzet-medyczny\/srodki-ochrony-indywidualnej\/fartuch-wlokninowy-podfoliowany-niejalowy","url":"https:\/\/www.skamex.com.pl\/oferta\/pozostaly-sprzet-medyczny\/srodki-ochrony-indywidualnej\/fartuch-wlokninowy-podfoliowany-niejalowy","name":"Fartuch w\u0142\u00f3kninowy podfoliowany nieja\u0142owy - Skamex Stawiamy na Jako\u015b\u0107 w Trosce o Bezpiecze\u0144stwo","isPartOf":{"@id":"https:\/\/www.skamex.com.pl\/#website"},"primaryImageOfPage":{"@id":"https:\/\/www.skamex.com.pl\/oferta\/pozostaly-sprzet-medyczny\/srodki-ochrony-indywidualnej\/fartuch-wlokninowy-podfoliowany-niejalowy#primaryimage"},"image":{"@id":"https:\/\/www.skamex.com.pl\/oferta\/pozostaly-sprzet-medyczny\/srodki-ochrony-indywidualnej\/fartuch-wlokninowy-podfoliowany-niejalowy#primaryimage"},"thumbnailUrl":"https:\/\/www.skamex.com.pl\/wp-content\/uploads\/2024\/01\/fartuch-podfoliowany-niejalowy1_1773.jpg","datePublished":"2024-01-14T12:52:50+00:00","breadcrumb":{"@id":"https:\/\/www.skamex.com.pl\/oferta\/pozostaly-sprzet-medyczny\/srodki-ochrony-indywidualnej\/fartuch-wlokninowy-podfoliowany-niejalowy#breadcrumb"},"inLanguage":"pl-PL","potentialAction":[{"@type":"ReadAction","target":["https:\/\/www.skamex.com.pl\/oferta\/pozostaly-sprzet-medyczny\/srodki-ochrony-indywidualnej\/fartuch-wlokninowy-podfoliowany-niejalowy"]}]},{"@type":"ImageObject","inLanguage":"pl-PL","@id":"https:\/\/www.skamex.com.pl\/oferta\/pozostaly-sprzet-medyczny\/srodki-ochrony-indywidualnej\/fartuch-wlokninowy-podfoliowany-niejalowy#primaryimage","url":"https:\/\/www.skamex.com.pl\/wp-content\/uploads\/2024\/01\/fartuch-podfoliowany-niejalowy1_1773.jpg","contentUrl":"https:\/\/www.skamex.com.pl\/wp-content\/uploads\/2024\/01\/fartuch-podfoliowany-niejalowy1_1773.jpg","width":655,"height":1859},{"@type":"BreadcrumbList","@id":"https:\/\/www.skamex.com.pl\/oferta\/pozostaly-sprzet-medyczny\/srodki-ochrony-indywidualnej\/fartuch-wlokninowy-podfoliowany-niejalowy#breadcrumb","itemListElement":[{"@type":"ListItem","position":1,"name":"Strona g\u0142\u00f3wna","item":"https:\/\/www.skamex.com.pl\/"},{"@type":"ListItem","position":2,"name":"Oferta","item":"https:\/\/www.skamex.com.pl\/oferta"},{"@type":"ListItem","position":3,"name":"Fartuch w\u0142\u00f3kninowy podfoliowany nieja\u0142owy"}]},{"@type":"WebSite","@id":"https:\/\/www.skamex.com.pl\/#website","url":"https:\/\/www.skamex.com.pl\/","name":"Skamex- Jako\u015b\u0107 w trosce o bezpiecze\u0144stwo","description":"","publisher":{"@id":"https:\/\/www.skamex.com.pl\/#organization"},"potentialAction":[{"@type":"SearchAction","target":{"@type":"EntryPoint","urlTemplate":"https:\/\/www.skamex.com.pl\/?s={search_term_string}"},"query-input":{"@type":"PropertyValueSpecification","valueRequired":true,"valueName":"search_term_string"}}],"inLanguage":"pl-PL"},{"@type":"Organization","@id":"https:\/\/www.skamex.com.pl\/#organization","name":"Skamex","url":"https:\/\/www.skamex.com.pl\/","logo":{"@type":"ImageObject","inLanguage":"pl-PL","@id":"https:\/\/www.skamex.com.pl\/#\/schema\/logo\/image\/","url":"https:\/\/www.skamex.com.pl\/wp-content\/uploads\/2024\/02\/logo_skamex-e1715849609970.png","contentUrl":"https:\/\/www.skamex.com.pl\/wp-content\/uploads\/2024\/02\/logo_skamex-e1715849609970.png","width":1312,"height":318,"caption":"Skamex"},"image":{"@id":"https:\/\/www.skamex.com.pl\/#\/schema\/logo\/image\/"},"sameAs":["https:\/\/www.facebook.com\/skamex\/","https:\/\/www.linkedin.com\/company\/skamex"]}]}},"acf":[],"gutenberg_blocks":[{"blockName":"custom-styles","attrs":{"styles":""}}],"meta_data":{"old_database_id":"2050","short_description":"","gallery":[{"ID":3437,"id":3437,"title":"fartuch-podfoliowany-niejalowy1_1773","filename":"fartuch-podfoliowany-niejalowy1_1773.jpg","filesize":171646,"url":"https:\/\/www.skamex.com.pl\/wp-content\/uploads\/2024\/01\/fartuch-podfoliowany-niejalowy1_1773.jpg","link":"https:\/\/www.skamex.com.pl\/oferta\/pozostaly-sprzet-medyczny\/attachment\/fartuch-podfoliowany-niejalowy1_1773","alt":"","author":"1","description":"","caption":"","name":"fartuch-podfoliowany-niejalowy1_1773","status":"inherit","uploaded_to":217,"date":"2024-01-12 10:00:52","modified":"2024-01-12 10:00:52","menu_order":0,"mime_type":"image\/jpeg","type":"image","subtype":"jpeg","icon":"https:\/\/www.skamex.com.pl\/wp-includes\/images\/media\/default.png","width":655,"height":1859,"sizes":{"thumbnail":"https:\/\/www.skamex.com.pl\/wp-content\/uploads\/2024\/01\/fartuch-podfoliowany-niejalowy1_1773-150x150.jpg","thumbnail-width":150,"thumbnail-height":150,"medium":"https:\/\/www.skamex.com.pl\/wp-content\/uploads\/2024\/01\/fartuch-podfoliowany-niejalowy1_1773-106x300.jpg","medium-width":106,"medium-height":300,"medium_large":"https:\/\/www.skamex.com.pl\/wp-content\/uploads\/2024\/01\/fartuch-podfoliowany-niejalowy1_1773.jpg","medium_large-width":655,"medium_large-height":1859,"large":"https:\/\/www.skamex.com.pl\/wp-content\/uploads\/2024\/01\/fartuch-podfoliowany-niejalowy1_1773-361x1024.jpg","large-width":361,"large-height":1024,"1536x1536":"https:\/\/www.skamex.com.pl\/wp-content\/uploads\/2024\/01\/fartuch-podfoliowany-niejalowy1_1773-541x1536.jpg","1536x1536-width":541,"1536x1536-height":1536,"2048x2048":"https:\/\/www.skamex.com.pl\/wp-content\/uploads\/2024\/01\/fartuch-podfoliowany-niejalowy1_1773.jpg","2048x2048-width":655,"2048x2048-height":1859,"trp-custom-language-flag":"https:\/\/www.skamex.com.pl\/wp-content\/uploads\/2024\/01\/fartuch-podfoliowany-niejalowy1_1773-4x12.jpg","trp-custom-language-flag-width":4,"trp-custom-language-flag-height":12}},{"ID":3438,"id":3438,"title":"fartuch-podfoliowany-niejalowy2_1774","filename":"fartuch-podfoliowany-niejalowy2_1774.jpg","filesize":144426,"url":"https:\/\/www.skamex.com.pl\/wp-content\/uploads\/2024\/01\/fartuch-podfoliowany-niejalowy2_1774.jpg","link":"https:\/\/www.skamex.com.pl\/oferta\/pozostaly-sprzet-medyczny\/attachment\/fartuch-podfoliowany-niejalowy2_1774","alt":"","author":"1","description":"","caption":"","name":"fartuch-podfoliowany-niejalowy2_1774","status":"inherit","uploaded_to":217,"date":"2024-01-12 10:00:53","modified":"2024-01-12 10:00:53","menu_order":0,"mime_type":"image\/jpeg","type":"image","subtype":"jpeg","icon":"https:\/\/www.skamex.com.pl\/wp-includes\/images\/media\/default.png","width":561,"height":1859,"sizes":{"thumbnail":"https:\/\/www.skamex.com.pl\/wp-content\/uploads\/2024\/01\/fartuch-podfoliowany-niejalowy2_1774-150x150.jpg","thumbnail-width":150,"thumbnail-height":150,"medium":"https:\/\/www.skamex.com.pl\/wp-content\/uploads\/2024\/01\/fartuch-podfoliowany-niejalowy2_1774-91x300.jpg","medium-width":91,"medium-height":300,"medium_large":"https:\/\/www.skamex.com.pl\/wp-content\/uploads\/2024\/01\/fartuch-podfoliowany-niejalowy2_1774.jpg","medium_large-width":561,"medium_large-height":1859,"large":"https:\/\/www.skamex.com.pl\/wp-content\/uploads\/2024\/01\/fartuch-podfoliowany-niejalowy2_1774-309x1024.jpg","large-width":309,"large-height":1024,"1536x1536":"https:\/\/www.skamex.com.pl\/wp-content\/uploads\/2024\/01\/fartuch-podfoliowany-niejalowy2_1774-464x1536.jpg","1536x1536-width":464,"1536x1536-height":1536,"2048x2048":"https:\/\/www.skamex.com.pl\/wp-content\/uploads\/2024\/01\/fartuch-podfoliowany-niejalowy2_1774.jpg","2048x2048-width":561,"2048x2048-height":1859,"trp-custom-language-flag":"https:\/\/www.skamex.com.pl\/wp-content\/uploads\/2024\/01\/fartuch-podfoliowany-niejalowy2_1774-4x12.jpg","trp-custom-language-flag-width":4,"trp-custom-language-flag-height":12}},{"ID":3439,"id":3439,"title":"fartuch-podfoliowany-niejalowy3_1775","filename":"fartuch-podfoliowany-niejalowy3_1775.jpg","filesize":177849,"url":"https:\/\/www.skamex.com.pl\/wp-content\/uploads\/2024\/01\/fartuch-podfoliowany-niejalowy3_1775.jpg","link":"https:\/\/www.skamex.com.pl\/oferta\/pozostaly-sprzet-medyczny\/attachment\/fartuch-podfoliowany-niejalowy3_1775","alt":"","author":"1","description":"","caption":"","name":"fartuch-podfoliowany-niejalowy3_1775","status":"inherit","uploaded_to":217,"date":"2024-01-12 10:00:54","modified":"2024-01-12 10:00:54","menu_order":0,"mime_type":"image\/jpeg","type":"image","subtype":"jpeg","icon":"https:\/\/www.skamex.com.pl\/wp-includes\/images\/media\/default.png","width":642,"height":1859,"sizes":{"thumbnail":"https:\/\/www.skamex.com.pl\/wp-content\/uploads\/2024\/01\/fartuch-podfoliowany-niejalowy3_1775-150x150.jpg","thumbnail-width":150,"thumbnail-height":150,"medium":"https:\/\/www.skamex.com.pl\/wp-content\/uploads\/2024\/01\/fartuch-podfoliowany-niejalowy3_1775-104x300.jpg","medium-width":104,"medium-height":300,"medium_large":"https:\/\/www.skamex.com.pl\/wp-content\/uploads\/2024\/01\/fartuch-podfoliowany-niejalowy3_1775.jpg","medium_large-width":642,"medium_large-height":1859,"large":"https:\/\/www.skamex.com.pl\/wp-content\/uploads\/2024\/01\/fartuch-podfoliowany-niejalowy3_1775-354x1024.jpg","large-width":354,"large-height":1024,"1536x1536":"https:\/\/www.skamex.com.pl\/wp-content\/uploads\/2024\/01\/fartuch-podfoliowany-niejalowy3_1775-530x1536.jpg","1536x1536-width":530,"1536x1536-height":1536,"2048x2048":"https:\/\/www.skamex.com.pl\/wp-content\/uploads\/2024\/01\/fartuch-podfoliowany-niejalowy3_1775.jpg","2048x2048-width":642,"2048x2048-height":1859,"trp-custom-language-flag":"https:\/\/www.skamex.com.pl\/wp-content\/uploads\/2024\/01\/fartuch-podfoliowany-niejalowy3_1775-4x12.jpg","trp-custom-language-flag-width":4,"trp-custom-language-flag-height":12}}],"producer":2538,"proposed_products":[4929,4931,4932,4933,5168]},"_links":{"self":[{"href":"https:\/\/www.skamex.com.pl\/index.php\/wp-json\/wp\/v2\/sk_offer\/5369","targetHints":{"allow":["GET"]}}],"collection":[{"href":"https:\/\/www.skamex.com.pl\/index.php\/wp-json\/wp\/v2\/sk_offer"}],"about":[{"href":"https:\/\/www.skamex.com.pl\/index.php\/wp-json\/wp\/v2\/types\/sk_offer"}],"version-history":[{"count":0,"href":"https:\/\/www.skamex.com.pl\/index.php\/wp-json\/wp\/v2\/sk_offer\/5369\/revisions"}],"up":[{"embeddable":true,"href":"https:\/\/www.skamex.com.pl\/index.php\/wp-json\/wp\/v2\/sk_offer\/5353"}],"wp:featuredmedia":[{"embeddable":true,"href":"https:\/\/www.skamex.com.pl\/index.php\/wp-json\/wp\/v2\/media\/3437"}],"wp:attachment":[{"href":"https:\/\/www.skamex.com.pl\/index.php\/wp-json\/wp\/v2\/media?parent=5369"}],"wp:term":[{"taxonomy":"sk_product_group","embeddable":true,"href":"https:\/\/www.skamex.com.pl\/index.php\/wp-json\/wp\/v2\/sk_product_group?post=5369"}],"curies":[{"name":"wp","href":"https:\/\/api.w.org\/{rel}","templated":true}]}}