{"id":4680,"date":"2024-01-14T13:47:39","date_gmt":"2024-01-14T12:47:39","guid":{"rendered":"https:\/\/new.skamex.com.pl\/oferta\/anestezjologia\/maski-krtaniowe\/maska-krtaniowa-velo"},"modified":"2026-02-10T12:56:21","modified_gmt":"2026-02-10T11:56:21","slug":"maska-krtaniowa-airq3","status":"publish","type":"sk_offer","link":"https:\/\/www.skamex.com.pl\/oferta\/anestezjologia\/maski-krtaniowe\/maska-krtaniowa-airq3","title":{"rendered":"Maski krtaniowe AirQ3"},"content":{"rendered":"\n<p class=\" eplus-wrapper\"><strong>Mas\u00adki krtan\u00adiowe AirQ3 \u2013 pe\u0142\u00adna gama wer\u00adsji i wyso\u00adka funkcjon\u00adal\u00adno\u015b\u0107<\/strong><\/p>\n\n\n\n<p class=\" eplus-wrapper\">Mas\u00adki krtan\u00adiowe <strong>AirQ3<\/strong> tworz\u0105 wszech\u00adstron\u00adn\u0105 lin\u00adi\u0119 urz\u0105dze\u0144 nadg\u0142o\u015bniowych, kt\u00f3re u\u0142atwia\u00adj\u0105 zabez\u00adpiecze\u00adnie dr\u00f3g odd\u00ade\u00adchowych w wielu pro\u00adce\u00addu\u00adrach klin\u00adicznych. Co wa\u017cne, pro\u00addu\u00adcent ofer\u00adu\u00adje cztery r\u00f3\u017cne wer\u00adsje, dlat\u00adego per\u00adson\u00adel mo\u017ce dobra\u0107 mod\u00adel ide\u00adal\u00adnie dopa\u00adsowany do potrzeb pac\u00adjen\u00adta. W sprzeda\u017cy zna\u00adj\u00addu\u00adj\u0105 si\u0119:<\/p>\n\n\n<ul class=\"wp-block-list eplus-wrapper eplus-styles-uid-bf7aa4\">\n<li class=\" eplus-wrapper\">mod\u00adel z manki\u00adetem pom\u00adpowanym r\u0119cznie, bez kana\u0142u gas\u00adtrycznego,<\/li>\n\n\n\n<li class=\" eplus-wrapper\">mod\u00adel z manki\u00adetem samouszczel\u00adni\u00ada\u00adj\u0105\u00adcym si\u0119, bez kana\u0142u gas\u00adtrycznego,<\/li>\n\n\n\n<li class=\" eplus-wrapper\">mod\u00adel z manki\u00adetem pom\u00adpowanym r\u0119cznie, z pod\u00adw\u00f3jnym kana\u0142em gas\u00adtrycznym,<\/li>\n\n\n\n<li class=\" eplus-wrapper\">mod\u00adel z manki\u00adetem samouszczel\u00adni\u00ada\u00adj\u0105\u00adcym si\u0119, z pod\u00adw\u00f3jnym kana\u0142em gas\u00adtrycznym.<\/li>\n<\/ul>\n\n\n<p class=\" eplus-wrapper\">Dzi\u0119\u00adki temu zesta\u00adwowi opcji AirQ3 sprawdza\u00adj\u0105 si\u0119 zar\u00f3wno w stan\u00addar\u00add\u00adowych pro\u00adce\u00addu\u00adrach anestezjo\u00adlog\u00adicznych, jak i w sytu\u00adac\u00adjach wyma\u00adga\u00adj\u0105\u00adcych odbar\u00adczenia \u017co\u0142\u0105d\u00adka lub zwi\u0119k\u00adszonego bez\u00adpiecze\u0144st\u00adwa wenty\u00adlacji. Co wi\u0119cej, kon\u00adstrukc\u00adja ka\u017cdej wer\u00adsji wspiera intu\u00adicyjn\u0105 prac\u0119 zespo\u0142u medy\u00adcznego.<\/p>\n\n\n\n<h2 class=\"wp-block-heading eplus-wrapper\"><strong>Silikonowa konstrukcja \u2013 stabilno\u015b\u0107 i bezpiecze\u0144stwo<\/strong><\/h2>\n\n\n\n<p class=\" eplus-wrapper\">Mas\u00adki krtan\u00adiowe AirQ3 pow\u00adsta\u00adj\u0105 w ca\u0142o\u015b\u00adci z wysok\u00adiej jako\u015b\u00adci silikonu. Ten mate\u00adri\u00ada\u0142 pozosta\u00adje biokom\u00adpaty\u00adbil\u00adny, elasty\u00adczny i odporny na zmi\u00adany tem\u00adper\u00adatu\u00adry, dlat\u00adego mas\u00adka zachowu\u00adje sw\u00f3j ksz\u00adta\u0142t nawet pod\u00adczas d\u0142u\u017cszych pro\u00adce\u00addur. Dodatkowo silikon wyma\u00adga jedynie niewielkiej ilo\u015b\u00adci lubrykan\u00adtu, co u\u0142atwia wprowadzanie mas\u00adki i zmniejsza ryzyko podra\u017cnie\u0144.<\/p>\n\n\n\n<p class=\" eplus-wrapper\">Kop\u00adu\u0142a mas\u00adki zaw\u00adiera ram\u00adp\u0119 prowadz\u0105c\u0105 dla rur\u00adki intuba\u00adcyjnej, dlat\u00adego intubac\u00adja przez mask\u0119 prze\u00adb\u00adie\u00adga szy\u00adb\u00adciej i bardziej przewidy\u00adwal\u00adnie. Pon\u00adad\u00adto zde\u00adj\u00admowal\u00adny \u0142\u0105cznik z uwi\u0119z\u00adi\u0105 i kodowaniem kolorysty\u00adcznym u\u0142atwia iden\u00adty\u00adfikacj\u0119 rozmi\u00adaru i uspraw\u00adnia orga\u00adni\u00adza\u00adcj\u0119 pra\u00adcy.<\/p>\n\n\n\n<h2 class=\"wp-block-heading eplus-wrapper\"><strong>Zaawansowany mankiet dla lepszego uszczelnienia<\/strong><\/h2>\n\n\n\n<p class=\" eplus-wrapper\">Manki\u00adet AirQ3 ma szer\u00adszy i wy\u017cszy pro\u00adfil w cz\u0119\u015b\u00adci proksy\u00admal\u00adnej, co popraw\u00adia uszczel\u00adnie\u00adnie i sta\u00adbil\u00adno\u015b\u0107 po\u0142o\u017ce\u00adnia mas\u00adki. Dodatkowa wypust\u00adka unosi nag\u0142o\u015bni\u0119, dlat\u00adego zmniejsza ryzyko jej wkli\u00adnowa\u00adnia.<\/p>\n\n\n\n<p class=\" eplus-wrapper\">W mod\u00adelach <strong>AirQsp3 i AirQsp3G<\/strong> zas\u00adtosowano manki\u00adet samouszczel\u00adni\u00ada\u00adj\u0105\u00adcy si\u0119, kt\u00f3ry reagu\u00adje na ci\u015bnie\u00adnie w dro\u00adgach odd\u00ade\u00adchowych. Port wyr\u00f3w\u00adnaw\u00adczy umo\u017cli\u00adwia dopa\u00adsowanie obj\u0119\u00adto\u015b\u00adci manki\u00adetu do aktu\u00adal\u00adnych warunk\u00ad\u00f3w wenty\u00adlacji, co zwi\u0119k\u00adsza bez\u00adpiecze\u0144st\u00adwo pac\u00adjen\u00adta i kom\u00adfort pra\u00adcy per\u00adson\u00adelu.<\/p>\n\n\n\n<h2 class=\"wp-block-heading eplus-wrapper\"><strong>Maski AirQ3 w rozmiarach neonatologicznych<\/strong><\/h2>\n\n\n\n<p class=\" eplus-wrapper\">AirQ3 to jedyne mas\u00adki krtan\u00adiowe dost\u0119p\u00adne w rozmi\u00adarze <strong>0<\/strong>, przez\u00adnac\u00adzone dla noworod\u00adk\u00f3w. Co istotne, pro\u00adjek\u00adtan\u00adci nie zmniejszyli po pros\u00adtu wer\u00adsji dla doros\u0142ych. Zami\u00adast tego stworzyli kon\u00adstrukcj\u0119 dopa\u00adsowan\u0105 do anatomii najm\u0142od\u00adszych pac\u00adjen\u00adt\u00f3w. Dzi\u0119\u00adki temu mas\u00adki zapew\u00adni\u00ada\u00adj\u0105 sta\u00adbilne uszczel\u00adnie\u00adnie i bez\u00adpieczn\u0105 wenty\u00adlacj\u0119 w najbardziej wyma\u00adga\u00adj\u0105cej grupie klin\u00adicznej.<\/p>\n\n\n\n<p class=\" eplus-wrapper\"><\/p>\n","protected":false},"excerpt":{"rendered":"<p>Zaawan\u00adsowana, ca\u0142kowicie silikonowa mas\u00adka AirQ\u00ae3 poma\u00adga zapewni\u0107 bez\u00adpiecze\u0144st\u00adwo w zarz\u0105dza\u00adniu droga\u00admi odd\u00ade\u00adchowy\u00admi, bezwzgl\u0119\u00addu na pojaw\u00adia\u00adj\u0105ce si\u0119 wyzwa\u00adnia. Unikalna d\u017awig\u00adnia nag\u0142o\u015bni stanowi zabez\u00adpiecze\u00adnie przed wkli\u00adnowaniem nag\u0142o\u015bni, ram\u00adpa dla rur\u00adki intuba\u00adcyjnej u\u0142atwia pro\u00adces intubacji przez mask\u0119. W ofer\u00adcie dost\u0119p\u00adne s\u0105 mas\u00adki bez kana\u0142u gas\u00adtrycznego oraz z pod\u00adw\u00f3jnym kana\u0142em gas\u00adtrycznym, z manki\u00adetem pom\u00adpowanym r\u0119cznie oraz z manki\u00adetem samouszczel\u00adni\u00ada\u00adj\u0105\u00adcym si\u0119. <\/p>\n","protected":false},"featured_media":9284,"parent":4678,"menu_order":1,"template":"","sk_product_group":[],"class_list":["post-4680","sk_offer","type-sk_offer","status-publish","has-post-thumbnail","hentry"],"yoast_head":"<!-- This site is optimized with the Yoast SEO plugin v27.1.1 - https:\/\/yoast.com\/product\/yoast-seo-wordpress\/ -->\n<title>Maski krtaniowe AirQ3<\/title>\n<meta name=\"description\" content=\"Maski krtaniowe AirQ3 z silikonowym mankietem oferuj\u0105 cztery wersje, w tym modele z kana\u0142em gastrycznym.\" \/>\n<meta name=\"robots\" content=\"index, follow, max-snippet:-1, max-image-preview:large, max-video-preview:-1\" \/>\n<link rel=\"canonical\" href=\"https:\/\/www.skamex.com.pl\/oferta\/anestezjologia\/maski-krtaniowe\/maska-krtaniowa-airq3\" \/>\n<meta property=\"og:locale\" content=\"pl_PL\" \/>\n<meta property=\"og:type\" content=\"article\" \/>\n<meta property=\"og:title\" content=\"Maski krtaniowe AirQ3\" \/>\n<meta property=\"og:description\" content=\"Maski krtaniowe AirQ3 z silikonowym mankietem oferuj\u0105 cztery wersje, w tym modele z kana\u0142em gastrycznym.\" \/>\n<meta property=\"og:url\" content=\"https:\/\/www.skamex.com.pl\/oferta\/anestezjologia\/maski-krtaniowe\/maska-krtaniowa-airq3\" \/>\n<meta property=\"og:site_name\" content=\"Skamex\" \/>\n<meta property=\"article:publisher\" content=\"https:\/\/www.facebook.com\/skamex\/\" \/>\n<meta property=\"article:modified_time\" content=\"2026-02-10T11:56:21+00:00\" \/>\n<meta property=\"og:image\" content=\"https:\/\/www.skamex.com.pl\/wp-content\/uploads\/2024\/01\/Maski-krtaniowe-zdjecie-airQ3.png\" \/>\n\t<meta property=\"og:image:width\" content=\"806\" \/>\n\t<meta property=\"og:image:height\" content=\"577\" \/>\n\t<meta property=\"og:image:type\" content=\"image\/png\" \/>\n<meta name=\"twitter:card\" content=\"summary_large_image\" \/>\n<meta name=\"twitter:label1\" content=\"Szacowany czas czytania\" \/>\n\t<meta name=\"twitter:data1\" content=\"3 minuty\" \/>\n<script type=\"application\/ld+json\" class=\"yoast-schema-graph\">{\"@context\":\"https:\/\/schema.org\",\"@graph\":[{\"@type\":\"WebPage\",\"@id\":\"https:\/\/www.skamex.com.pl\/oferta\/anestezjologia\/maski-krtaniowe\/maska-krtaniowa-airq3\",\"url\":\"https:\/\/www.skamex.com.pl\/oferta\/anestezjologia\/maski-krtaniowe\/maska-krtaniowa-airq3\",\"name\":\"Maski krtaniowe AirQ3\",\"isPartOf\":{\"@id\":\"https:\/\/www.skamex.com.pl\/#website\"},\"primaryImageOfPage\":{\"@id\":\"https:\/\/www.skamex.com.pl\/oferta\/anestezjologia\/maski-krtaniowe\/maska-krtaniowa-airq3#primaryimage\"},\"image\":{\"@id\":\"https:\/\/www.skamex.com.pl\/oferta\/anestezjologia\/maski-krtaniowe\/maska-krtaniowa-airq3#primaryimage\"},\"thumbnailUrl\":\"https:\/\/www.skamex.com.pl\/wp-content\/uploads\/2024\/01\/Maski-krtaniowe-zdjecie-airQ3.png\",\"datePublished\":\"2024-01-14T12:47:39+00:00\",\"dateModified\":\"2026-02-10T11:56:21+00:00\",\"description\":\"Maski krtaniowe AirQ3 z silikonowym mankietem oferuj\u0105 cztery wersje, w tym modele z kana\u0142em gastrycznym.\",\"breadcrumb\":{\"@id\":\"https:\/\/www.skamex.com.pl\/oferta\/anestezjologia\/maski-krtaniowe\/maska-krtaniowa-airq3#breadcrumb\"},\"inLanguage\":\"pl-PL\",\"potentialAction\":[{\"@type\":\"ReadAction\",\"target\":[\"https:\/\/www.skamex.com.pl\/oferta\/anestezjologia\/maski-krtaniowe\/maska-krtaniowa-airq3\"]}]},{\"@type\":\"ImageObject\",\"inLanguage\":\"pl-PL\",\"@id\":\"https:\/\/www.skamex.com.pl\/oferta\/anestezjologia\/maski-krtaniowe\/maska-krtaniowa-airq3#primaryimage\",\"url\":\"https:\/\/www.skamex.com.pl\/wp-content\/uploads\/2024\/01\/Maski-krtaniowe-zdjecie-airQ3.png\",\"contentUrl\":\"https:\/\/www.skamex.com.pl\/wp-content\/uploads\/2024\/01\/Maski-krtaniowe-zdjecie-airQ3.png\",\"width\":806,\"height\":577},{\"@type\":\"BreadcrumbList\",\"@id\":\"https:\/\/www.skamex.com.pl\/oferta\/anestezjologia\/maski-krtaniowe\/maska-krtaniowa-airq3#breadcrumb\",\"itemListElement\":[{\"@type\":\"ListItem\",\"position\":1,\"name\":\"Strona g\u0142\u00f3wna\",\"item\":\"https:\/\/www.skamex.com.pl\/\"},{\"@type\":\"ListItem\",\"position\":2,\"name\":\"Oferta\",\"item\":\"https:\/\/www.skamex.com.pl\/oferta\"},{\"@type\":\"ListItem\",\"position\":3,\"name\":\"Maski krtaniowe AirQ3\"}]},{\"@type\":\"WebSite\",\"@id\":\"https:\/\/www.skamex.com.pl\/#website\",\"url\":\"https:\/\/www.skamex.com.pl\/\",\"name\":\"Skamex- Jako\u015b\u0107 w trosce o bezpiecze\u0144stwo\",\"description\":\"\",\"publisher\":{\"@id\":\"https:\/\/www.skamex.com.pl\/#organization\"},\"potentialAction\":[{\"@type\":\"SearchAction\",\"target\":{\"@type\":\"EntryPoint\",\"urlTemplate\":\"https:\/\/www.skamex.com.pl\/?s={search_term_string}\"},\"query-input\":{\"@type\":\"PropertyValueSpecification\",\"valueRequired\":true,\"valueName\":\"search_term_string\"}}],\"inLanguage\":\"pl-PL\"},{\"@type\":\"Organization\",\"@id\":\"https:\/\/www.skamex.com.pl\/#organization\",\"name\":\"Skamex\",\"url\":\"https:\/\/www.skamex.com.pl\/\",\"logo\":{\"@type\":\"ImageObject\",\"inLanguage\":\"pl-PL\",\"@id\":\"https:\/\/www.skamex.com.pl\/#\/schema\/logo\/image\/\",\"url\":\"https:\/\/www.skamex.com.pl\/wp-content\/uploads\/2024\/02\/logo_skamex-e1715849609970.png\",\"contentUrl\":\"https:\/\/www.skamex.com.pl\/wp-content\/uploads\/2024\/02\/logo_skamex-e1715849609970.png\",\"width\":1312,\"height\":318,\"caption\":\"Skamex\"},\"image\":{\"@id\":\"https:\/\/www.skamex.com.pl\/#\/schema\/logo\/image\/\"},\"sameAs\":[\"https:\/\/www.facebook.com\/skamex\/\",\"https:\/\/www.linkedin.com\/company\/skamex\"]}]}<\/script>\n<!-- \/ Yoast SEO plugin. -->","yoast_head_json":{"title":"Maski krtaniowe AirQ3","description":"Maski krtaniowe AirQ3 z silikonowym mankietem oferuj\u0105 cztery wersje, w tym modele z kana\u0142em gastrycznym.","robots":{"index":"index","follow":"follow","max-snippet":"max-snippet:-1","max-image-preview":"max-image-preview:large","max-video-preview":"max-video-preview:-1"},"canonical":"https:\/\/www.skamex.com.pl\/oferta\/anestezjologia\/maski-krtaniowe\/maska-krtaniowa-airq3","og_locale":"pl_PL","og_type":"article","og_title":"Maski krtaniowe AirQ3","og_description":"Maski krtaniowe AirQ3 z silikonowym mankietem oferuj\u0105 cztery wersje, w tym modele z kana\u0142em gastrycznym.","og_url":"https:\/\/www.skamex.com.pl\/oferta\/anestezjologia\/maski-krtaniowe\/maska-krtaniowa-airq3","og_site_name":"Skamex","article_publisher":"https:\/\/www.facebook.com\/skamex\/","article_modified_time":"2026-02-10T11:56:21+00:00","og_image":[{"width":806,"height":577,"url":"https:\/\/www.skamex.com.pl\/wp-content\/uploads\/2024\/01\/Maski-krtaniowe-zdjecie-airQ3.png","type":"image\/png"}],"twitter_card":"summary_large_image","twitter_misc":{"Szacowany czas czytania":"3 minuty"},"schema":{"@context":"https:\/\/schema.org","@graph":[{"@type":"WebPage","@id":"https:\/\/www.skamex.com.pl\/oferta\/anestezjologia\/maski-krtaniowe\/maska-krtaniowa-airq3","url":"https:\/\/www.skamex.com.pl\/oferta\/anestezjologia\/maski-krtaniowe\/maska-krtaniowa-airq3","name":"Maski krtaniowe AirQ3","isPartOf":{"@id":"https:\/\/www.skamex.com.pl\/#website"},"primaryImageOfPage":{"@id":"https:\/\/www.skamex.com.pl\/oferta\/anestezjologia\/maski-krtaniowe\/maska-krtaniowa-airq3#primaryimage"},"image":{"@id":"https:\/\/www.skamex.com.pl\/oferta\/anestezjologia\/maski-krtaniowe\/maska-krtaniowa-airq3#primaryimage"},"thumbnailUrl":"https:\/\/www.skamex.com.pl\/wp-content\/uploads\/2024\/01\/Maski-krtaniowe-zdjecie-airQ3.png","datePublished":"2024-01-14T12:47:39+00:00","dateModified":"2026-02-10T11:56:21+00:00","description":"Maski krtaniowe AirQ3 z silikonowym mankietem oferuj\u0105 cztery wersje, w tym modele z kana\u0142em gastrycznym.","breadcrumb":{"@id":"https:\/\/www.skamex.com.pl\/oferta\/anestezjologia\/maski-krtaniowe\/maska-krtaniowa-airq3#breadcrumb"},"inLanguage":"pl-PL","potentialAction":[{"@type":"ReadAction","target":["https:\/\/www.skamex.com.pl\/oferta\/anestezjologia\/maski-krtaniowe\/maska-krtaniowa-airq3"]}]},{"@type":"ImageObject","inLanguage":"pl-PL","@id":"https:\/\/www.skamex.com.pl\/oferta\/anestezjologia\/maski-krtaniowe\/maska-krtaniowa-airq3#primaryimage","url":"https:\/\/www.skamex.com.pl\/wp-content\/uploads\/2024\/01\/Maski-krtaniowe-zdjecie-airQ3.png","contentUrl":"https:\/\/www.skamex.com.pl\/wp-content\/uploads\/2024\/01\/Maski-krtaniowe-zdjecie-airQ3.png","width":806,"height":577},{"@type":"BreadcrumbList","@id":"https:\/\/www.skamex.com.pl\/oferta\/anestezjologia\/maski-krtaniowe\/maska-krtaniowa-airq3#breadcrumb","itemListElement":[{"@type":"ListItem","position":1,"name":"Strona g\u0142\u00f3wna","item":"https:\/\/www.skamex.com.pl\/"},{"@type":"ListItem","position":2,"name":"Oferta","item":"https:\/\/www.skamex.com.pl\/oferta"},{"@type":"ListItem","position":3,"name":"Maski krtaniowe AirQ3"}]},{"@type":"WebSite","@id":"https:\/\/www.skamex.com.pl\/#website","url":"https:\/\/www.skamex.com.pl\/","name":"Skamex- Jako\u015b\u0107 w trosce o bezpiecze\u0144stwo","description":"","publisher":{"@id":"https:\/\/www.skamex.com.pl\/#organization"},"potentialAction":[{"@type":"SearchAction","target":{"@type":"EntryPoint","urlTemplate":"https:\/\/www.skamex.com.pl\/?s={search_term_string}"},"query-input":{"@type":"PropertyValueSpecification","valueRequired":true,"valueName":"search_term_string"}}],"inLanguage":"pl-PL"},{"@type":"Organization","@id":"https:\/\/www.skamex.com.pl\/#organization","name":"Skamex","url":"https:\/\/www.skamex.com.pl\/","logo":{"@type":"ImageObject","inLanguage":"pl-PL","@id":"https:\/\/www.skamex.com.pl\/#\/schema\/logo\/image\/","url":"https:\/\/www.skamex.com.pl\/wp-content\/uploads\/2024\/02\/logo_skamex-e1715849609970.png","contentUrl":"https:\/\/www.skamex.com.pl\/wp-content\/uploads\/2024\/02\/logo_skamex-e1715849609970.png","width":1312,"height":318,"caption":"Skamex"},"image":{"@id":"https:\/\/www.skamex.com.pl\/#\/schema\/logo\/image\/"},"sameAs":["https:\/\/www.facebook.com\/skamex\/","https:\/\/www.linkedin.com\/company\/skamex"]}]}},"acf":[],"gutenberg_blocks":[{"blockName":"custom-styles","attrs":{"styles":".eplus-styles-uid-bf7aa4{grid-template-columns:repeat(1,1fr);list-style-type:disc}@media (max-width:981px){.eplus-styles-uid-bf7aa4{list-style-type:}}@media (max-width:600px){.eplus-styles-uid-bf7aa4{list-style-type:}}.eplus-styles-uid-bf7aa4:hover{list-style-type:}"}},{"blockName":"core\/paragraph","attrs":{"epAnimationGeneratedClass":"edplus_anim-RgjQbN","epGeneratedClass":"eplus-wrapper"},"innerBlocks":[],"innerHTML":"\n<p class=\" eplus-wrapper\"><strong>Maski krtaniowe AirQ3 \u2013 pe\u0142na gama wersji i wysoka funkcjonalno\u015b\u0107<\/strong><\/p>\n","innerContent":["\n<p class=\" eplus-wrapper\"><strong>Maski krtaniowe AirQ3 \u2013 pe\u0142na gama wersji i wysoka funkcjonalno\u015b\u0107<\/strong><\/p>\n"]},{"blockName":"core\/paragraph","attrs":{"epAnimationGeneratedClass":"edplus_anim-FKJurc","epGeneratedClass":"eplus-wrapper"},"innerBlocks":[],"innerHTML":"\n<p class=\" eplus-wrapper\">Maski krtaniowe <strong>AirQ3<\/strong> tworz\u0105 wszechstronn\u0105 lini\u0119 urz\u0105dze\u0144 nadg\u0142o\u015bniowych, kt\u00f3re u\u0142atwiaj\u0105 zabezpieczenie dr\u00f3g oddechowych w wielu procedurach klinicznych. Co wa\u017cne, producent oferuje cztery r\u00f3\u017cne wersje, dlatego personel mo\u017ce dobra\u0107 model idealnie dopasowany do potrzeb pacjenta. W sprzeda\u017cy znajduj\u0105 si\u0119:<\/p>\n","innerContent":["\n<p class=\" eplus-wrapper\">Maski krtaniowe <strong>AirQ3<\/strong> tworz\u0105 wszechstronn\u0105 lini\u0119 urz\u0105dze\u0144 nadg\u0142o\u015bniowych, kt\u00f3re u\u0142atwiaj\u0105 zabezpieczenie dr\u00f3g oddechowych w wielu procedurach klinicznych. Co wa\u017cne, producent oferuje cztery r\u00f3\u017cne wersje, dlatego personel mo\u017ce dobra\u0107 model idealnie dopasowany do potrzeb pacjenta. W sprzeda\u017cy znajduj\u0105 si\u0119:<\/p>\n"]},{"blockName":"core\/list","attrs":{"epStylingOptions":{"columnsResponsiveEnabled":false,"columnsHoverEnabled":false,"itemsSpacingResponsiveEnabled":false,"itemsSpacingHoverEnabled":false,"listStyleResponsiveEnabled":false,"listStyleHoverEnabled":false,"listIconResponsiveEnabled":false,"listIconHoverEnabled":false,"columns":{"target":"","responsive":true,"hover":true,"options":[{"custom":true,"control":"ToggleOptions"},{"label":"Columns","control":"Range","attribute":"columns","css":"grid-template-columns","customValue":"repeat({{value}}, 1fr)","props":{"max":5,"min":1,"supportedUnits":[]},"defaults":{"desktop":"1"},"show_if":{"className":["ep-custom-list"]}}]},"itemsSpacing":{"target":"","responsive":true,"hover":true,"options":[{"label":"Items Spacing","control":"Range","attribute":"itemsSpacing","css":"grid-gap","props":{"max":100,"min":0,"supportedUnits":["px"]},"show_if":{"className":["ep-custom-list"]}}]},"listStyle":{"target":"","responsive":true,"hover":true,"options":[{"custom":true,"control":"IconClassToggle","condition":{"relation":"AND","query":[{"field":"attributes.className","compare":"IN","value":"ep-custom-list"}]}},{"label":"Choose List Style","control":"ButtonGroup","attribute":"unorderListStyle","css":"list-style-type","defaults":{"desktop":"disc"},"condition":{"relation":"AND","query":[{"field":"attributes.className","compare":"IN","value":"ep-custom-list"},{"field":"attributes.ordered","compare":"EQUAL","value":false},{"field":"attributes.className","compare":"NOT IN","value":"ep-custom-icon-list"}]},"props":{"layout":"stacked","options":[{"customIcon":"<svg enable-background='new 0 0 512 512' version='1.1' viewBox='0 0 512 512' xml:space='preserve' xmlns='http:\/\/www.w3.org\/2000\/svg'><path d='m256 0c-141.16 0-256 114.84-256 256s114.84 256 256 256 256-114.84 256-256-114.84-256-256-256zm0 448c-105.86 0-192-86.135-192-192 0-40.406 12.25-78.604 35.542-111.2l267.66 267.66c-32.594 23.292-70.792 35.542-111.2 35.542zm156.46-80.802-267.66-267.66c32.594-23.292 70.792-35.542 111.2-35.542 105.86 0 192 86.135 192 192 0 40.406-12.25 78.604-35.542 111.2z'\/><\/svg>","value":"none"},{"customIcon":"<svg enable-background='new 0 0 29.107 29.107' version='1.1' viewBox='0 0 29.107 29.107' xml:space='preserve' xmlns='http:\/\/www.w3.org\/2000\/svg'><path d='M14.554,0C6.561,0,0,6.562,0,14.552c0,7.996,6.561,14.555,14.554,14.555c7.996,0,14.553-6.559,14.553-14.555 C29.106,6.562,22.55,0,14.554,0z'\/><\/svg>","value":"disc"},{"customIcon":"<svg enable-background='new 0 0 341.333 341.333' version='1.1' viewBox='0 0 341.33 341.33' xml:space='preserve' xmlns='http:\/\/www.w3.org\/2000\/svg'><path d='m170.67 0c-94.257 0-170.67 76.41-170.67 170.67s76.41 170.67 170.67 170.67 170.67-76.41 170.67-170.67-76.411-170.67-170.67-170.67zm0 298.67c-70.692 0-128-57.308-128-128s57.308-128 128-128 128 57.308 128 128-57.308 128-128 128z'\/><\/svg>","value":"circle"},{"customIcon":"<svg enable-background='new 0 0 60 60' version='1.1' viewBox='0 0 60 60' xml:space='preserve' xmlns='http:\/\/www.w3.org\/2000\/svg'><rect width='60' height='60'\/><\/svg>","value":"square"}]}},{"label":"Choose List Style","control":"ButtonGroup","attribute":"orderListStyle","css":"list-style-type","defaults":{"desktop":"decimal"},"condition":{"relation":"AND","query":[{"field":"attributes.className","compare":"IN","value":"ep-custom-list"},{"field":"attributes.ordered","compare":"EQUAL","value":true},{"field":"attributes.className","compare":"NOT IN","value":"ep-custom-icon-list"}]},"props":{"layout":"stacked","options":[{"customIcon":"<svg enable-background='new 0 0 512 512' version='1.1' viewBox='0 0 512 512' xml:space='preserve' xmlns='http:\/\/www.w3.org\/2000\/svg'><path d='m256 0c-141.16 0-256 114.84-256 256s114.84 256 256 256 256-114.84 256-256-114.84-256-256-256zm0 448c-105.86 0-192-86.135-192-192 0-40.406 12.25-78.604 35.542-111.2l267.66 267.66c-32.594 23.292-70.792 35.542-111.2 35.542zm156.46-80.802-267.66-267.66c32.594-23.292 70.792-35.542 111.2-35.542 105.86 0 192 86.135 192 192 0 40.406-12.25 78.604-35.542 111.2z'\/><\/svg>","value":"none"},{"customIcon":"<svg id='Capa_1' enable-background='new 0 0 512 512' viewBox='0 0 512 512' xmlns='http:\/\/www.w3.org\/2000\/svg'><g id='_x31__1_'><path d='m376 512v-512h-99.902l-3.56 9.932c-9.419 26.294-27.202 49.746-52.837 69.697-26.528 20.684-51.211 34.849-73.359 42.1l-10.342 3.383v114.771l19.702-6.519c36.387-12.012 69.448-29.268 98.672-51.445v330.081z'\/><\/g><\/svg>","value":"decimal"},{"customIcon":"\u2160","value":"upper-roman"},{"customIcon":"\u2170","value":"lower-roman"}]}}]},"listIcon":{"target":"li:before","includeDotSuffix":false,"responsive":true,"hover":true,"hoverTarget":"{{class}} li:hover:before","options":[{"label":"Icon","control":"IconPicker","attribute":"icon","defaults":{"desktop":"eplusicon-check"},"css":"content","condition":{"relation":"AND","query":[{"field":"attributes.className","compare":"IN","value":"ep-custom-icon-list"}]}},{"label":"Background","control":"ColorPicker","attribute":"iconBackground","css":"background","condition":{"query":[{"field":"attributes.className","compare":"IN","value":"ep-custom-icon-list"}]}},{"label":"Color","control":"ColorPicker","attribute":"iconColor","css":"color","condition":{"query":[{"field":"attributes.className","compare":"IN","value":"ep-custom-icon-list"}]}},{"label":"Size","control":"Range","attribute":"iconSize","css":"font-size","props":{"supportedUnits":["px"],"max":100},"condition":{"query":[{"field":"attributes.className","compare":"IN","value":"ep-custom-icon-list"}]}},{"label":"Radius","control":"Range","attribute":"iconRadius","css":"border-radius","condition":{"query":[{"field":"attributes.className","compare":"IN","value":"ep-custom-icon-list"}]}},{"label":"Padding","control":"Range","attribute":"iconPadding","css":"padding","props":{"supportedUnits":["px"],"max":100},"condition":{"query":[{"field":"attributes.className","compare":"IN","value":"ep-custom-icon-list"}]}}]},"savedStyling":"","clientId":"168c6df6-3572-484a-9281-4694ed58b6a3"},"columns":{"desktop":{"value":1,"important":false,"unit":""},"tablet":{"value":"","important":false,"unit":"%"},"tabletModified":false,"mobile":{"value":"","important":false,"unit":"%"},"mobileModified":false,"hover":{"value":"","important":false,"unit":"%"},"hoverModified":false},"itemsSpacing":{"desktop":{"value":"","important":false,"unit":"%"},"tablet":{"value":"","important":false,"unit":"%"},"tabletModified":false,"mobile":{"value":"","important":false,"unit":"%"},"mobileModified":false,"hover":{"value":"","important":false,"unit":"%"},"hoverModified":false},"unorderListStyle":{"desktop":"disc","tablet":"","tabletModified":false,"mobile":"","mobileModified":false,"hover":"","hoverModified":false},"orderListStyle":{"desktop":"decimal","tablet":"","tabletModified":false,"mobile":"","mobileModified":false,"hover":"","hoverModified":false},"icon":{"desktop":{"icon":"eplusicon-check"},"tablet":{"icon":""},"tabletModified":false,"mobile":{"icon":""},"mobileModified":false,"hover":{"icon":""},"hoverModified":false},"iconBackground":{"desktop":{"color":""},"tablet":{"color":""},"tabletModified":false,"mobile":{"color":""},"mobileModified":false,"hover":{"color":""},"hoverModified":false},"iconColor":{"desktop":{"color":""},"tablet":{"color":""},"tabletModified":false,"mobile":{"color":""},"mobileModified":false,"hover":{"color":""},"hoverModified":false},"iconSize":{"desktop":{"value":"","important":false,"unit":"%"},"tablet":{"value":"","important":false,"unit":"%"},"tabletModified":false,"mobile":{"value":"","important":false,"unit":"%"},"mobileModified":false,"hover":{"value":"","important":false,"unit":"%"},"hoverModified":false},"iconRadius":{"desktop":{"value":"","important":false,"unit":"%"},"tablet":{"value":"","important":false,"unit":"%"},"tabletModified":false,"mobile":{"value":"","important":false,"unit":"%"},"mobileModified":false,"hover":{"value":"","important":false,"unit":"%"},"hoverModified":false},"iconPadding":{"desktop":{"value":"","important":false,"unit":"%"},"tablet":{"value":"","important":false,"unit":"%"},"tabletModified":false,"mobile":{"value":"","important":false,"unit":"%"},"mobileModified":false,"hover":{"value":"","important":false,"unit":"%"},"hoverModified":false},"epAnimationGeneratedClass":"edplus_anim-OGm58y","epGeneratedClass":"eplus-wrapper"},"innerBlocks":[{"blockName":"core\/list-item","attrs":{"epAnimationGeneratedClass":"edplus_anim-b9R1NU","epGeneratedClass":"eplus-wrapper"},"innerBlocks":[],"innerHTML":"\n<li class=\" eplus-wrapper\">model z mankietem pompowanym r\u0119cznie, bez kana\u0142u gastrycznego,<\/li>\n","innerContent":["\n<li class=\" eplus-wrapper\">model z mankietem pompowanym r\u0119cznie, bez kana\u0142u gastrycznego,<\/li>\n"]},{"blockName":"core\/list-item","attrs":{"epAnimationGeneratedClass":"edplus_anim-Y1DGkY","epGeneratedClass":"eplus-wrapper"},"innerBlocks":[],"innerHTML":"\n<li class=\" eplus-wrapper\">model z mankietem samouszczelniaj\u0105cym si\u0119, bez kana\u0142u gastrycznego,<\/li>\n","innerContent":["\n<li class=\" eplus-wrapper\">model z mankietem samouszczelniaj\u0105cym si\u0119, bez kana\u0142u gastrycznego,<\/li>\n"]},{"blockName":"core\/list-item","attrs":{"epAnimationGeneratedClass":"edplus_anim-GsEnXb","epGeneratedClass":"eplus-wrapper"},"innerBlocks":[],"innerHTML":"\n<li class=\" eplus-wrapper\">model z mankietem pompowanym r\u0119cznie, z podw\u00f3jnym kana\u0142em gastrycznym,<\/li>\n","innerContent":["\n<li class=\" eplus-wrapper\">model z mankietem pompowanym r\u0119cznie, z podw\u00f3jnym kana\u0142em gastrycznym,<\/li>\n"]},{"blockName":"core\/list-item","attrs":{"epAnimationGeneratedClass":"edplus_anim-Mw488O","epGeneratedClass":"eplus-wrapper"},"innerBlocks":[],"innerHTML":"\n<li class=\" eplus-wrapper\">model z mankietem samouszczelniaj\u0105cym si\u0119, z podw\u00f3jnym kana\u0142em gastrycznym.<\/li>\n","innerContent":["\n<li class=\" eplus-wrapper\">model z mankietem samouszczelniaj\u0105cym si\u0119, z podw\u00f3jnym kana\u0142em gastrycznym.<\/li>\n"]}],"innerHTML":"<ul class=\"wp-block-list eplus-wrapper eplus-styles-uid-bf7aa4\">\n\n\n\n\n\n<\/ul>","innerContent":["\n<ul class=\"wp-block-list eplus-wrapper\">",null,"\n\n",null,"\n\n",null,"\n\n",null,"<\/ul>\n"]},{"blockName":"core\/paragraph","attrs":{"epAnimationGeneratedClass":"edplus_anim-ewG5UY","epGeneratedClass":"eplus-wrapper"},"innerBlocks":[],"innerHTML":"\n<p class=\" eplus-wrapper\">Dzi\u0119ki temu zestawowi opcji AirQ3 sprawdzaj\u0105 si\u0119 zar\u00f3wno w standardowych procedurach anestezjologicznych, jak i w sytuacjach wymagaj\u0105cych odbarczenia \u017co\u0142\u0105dka lub zwi\u0119kszonego bezpiecze\u0144stwa wentylacji. Co wi\u0119cej, konstrukcja ka\u017cdej wersji wspiera intuicyjn\u0105 prac\u0119 zespo\u0142u medycznego.<\/p>\n","innerContent":["\n<p class=\" eplus-wrapper\">Dzi\u0119ki temu zestawowi opcji AirQ3 sprawdzaj\u0105 si\u0119 zar\u00f3wno w standardowych procedurach anestezjologicznych, jak i w sytuacjach wymagaj\u0105cych odbarczenia \u017co\u0142\u0105dka lub zwi\u0119kszonego bezpiecze\u0144stwa wentylacji. Co wi\u0119cej, konstrukcja ka\u017cdej wersji wspiera intuicyjn\u0105 prac\u0119 zespo\u0142u medycznego.<\/p>\n"]},{"blockName":"core\/heading","attrs":{"epAnimationGeneratedClass":"edplus_anim-pZuVwd","epGeneratedClass":"eplus-wrapper"},"innerBlocks":[],"innerHTML":"\n<h2 class=\"wp-block-heading eplus-wrapper\"><strong>Silikonowa konstrukcja \u2013 stabilno\u015b\u0107 i bezpiecze\u0144stwo<\/strong><\/h2>\n","innerContent":["\n<h2 class=\"wp-block-heading eplus-wrapper\"><strong>Silikonowa konstrukcja \u2013 stabilno\u015b\u0107 i bezpiecze\u0144stwo<\/strong><\/h2>\n"]},{"blockName":"core\/paragraph","attrs":{"epAnimationGeneratedClass":"edplus_anim-bdYmWo","epGeneratedClass":"eplus-wrapper"},"innerBlocks":[],"innerHTML":"\n<p class=\" eplus-wrapper\">Maski krtaniowe AirQ3 powstaj\u0105 w ca\u0142o\u015bci z wysokiej jako\u015bci silikonu. Ten materia\u0142 pozostaje biokompatybilny, elastyczny i odporny na zmiany temperatury, dlatego maska zachowuje sw\u00f3j kszta\u0142t nawet podczas d\u0142u\u017cszych procedur. Dodatkowo silikon wymaga jedynie niewielkiej ilo\u015bci lubrykantu, co u\u0142atwia wprowadzanie maski i zmniejsza ryzyko podra\u017cnie\u0144.<\/p>\n","innerContent":["\n<p class=\" eplus-wrapper\">Maski krtaniowe AirQ3 powstaj\u0105 w ca\u0142o\u015bci z wysokiej jako\u015bci silikonu. Ten materia\u0142 pozostaje biokompatybilny, elastyczny i odporny na zmiany temperatury, dlatego maska zachowuje sw\u00f3j kszta\u0142t nawet podczas d\u0142u\u017cszych procedur. Dodatkowo silikon wymaga jedynie niewielkiej ilo\u015bci lubrykantu, co u\u0142atwia wprowadzanie maski i zmniejsza ryzyko podra\u017cnie\u0144.<\/p>\n"]},{"blockName":"core\/paragraph","attrs":{"epAnimationGeneratedClass":"edplus_anim-AUeqRl","epGeneratedClass":"eplus-wrapper"},"innerBlocks":[],"innerHTML":"\n<p class=\" eplus-wrapper\">Kopu\u0142a maski zawiera ramp\u0119 prowadz\u0105c\u0105 dla rurki intubacyjnej, dlatego intubacja przez mask\u0119 przebiega szybciej i bardziej przewidywalnie. Ponadto zdejmowalny \u0142\u0105cznik z uwi\u0119zi\u0105 i kodowaniem kolorystycznym u\u0142atwia identyfikacj\u0119 rozmiaru i usprawnia organizacj\u0119 pracy.<\/p>\n","innerContent":["\n<p class=\" eplus-wrapper\">Kopu\u0142a maski zawiera ramp\u0119 prowadz\u0105c\u0105 dla rurki intubacyjnej, dlatego intubacja przez mask\u0119 przebiega szybciej i bardziej przewidywalnie. Ponadto zdejmowalny \u0142\u0105cznik z uwi\u0119zi\u0105 i kodowaniem kolorystycznym u\u0142atwia identyfikacj\u0119 rozmiaru i usprawnia organizacj\u0119 pracy.<\/p>\n"]},{"blockName":"core\/heading","attrs":{"epAnimationGeneratedClass":"edplus_anim-62fdXs","epGeneratedClass":"eplus-wrapper"},"innerBlocks":[],"innerHTML":"\n<h2 class=\"wp-block-heading eplus-wrapper\"><strong>Zaawansowany mankiet dla lepszego uszczelnienia<\/strong><\/h2>\n","innerContent":["\n<h2 class=\"wp-block-heading eplus-wrapper\"><strong>Zaawansowany mankiet dla lepszego uszczelnienia<\/strong><\/h2>\n"]},{"blockName":"core\/paragraph","attrs":{"epAnimationGeneratedClass":"edplus_anim-SzWk24","epGeneratedClass":"eplus-wrapper"},"innerBlocks":[],"innerHTML":"\n<p class=\" eplus-wrapper\">Mankiet AirQ3 ma szerszy i wy\u017cszy profil w cz\u0119\u015bci proksymalnej, co poprawia uszczelnienie i stabilno\u015b\u0107 po\u0142o\u017cenia maski. Dodatkowa wypustka unosi nag\u0142o\u015bni\u0119, dlatego zmniejsza ryzyko jej wklinowania.<\/p>\n","innerContent":["\n<p class=\" eplus-wrapper\">Mankiet AirQ3 ma szerszy i wy\u017cszy profil w cz\u0119\u015bci proksymalnej, co poprawia uszczelnienie i stabilno\u015b\u0107 po\u0142o\u017cenia maski. Dodatkowa wypustka unosi nag\u0142o\u015bni\u0119, dlatego zmniejsza ryzyko jej wklinowania.<\/p>\n"]},{"blockName":"core\/paragraph","attrs":{"epAnimationGeneratedClass":"edplus_anim-81NS5Y","epGeneratedClass":"eplus-wrapper"},"innerBlocks":[],"innerHTML":"\n<p class=\" eplus-wrapper\">W modelach <strong>AirQsp3 i AirQsp3G<\/strong> zastosowano mankiet samouszczelniaj\u0105cy si\u0119, kt\u00f3ry reaguje na ci\u015bnienie w drogach oddechowych. Port wyr\u00f3wnawczy umo\u017cliwia dopasowanie obj\u0119to\u015bci mankietu do aktualnych warunk\u00f3w wentylacji, co zwi\u0119ksza bezpiecze\u0144stwo pacjenta i komfort pracy personelu.<\/p>\n","innerContent":["\n<p class=\" eplus-wrapper\">W modelach <strong>AirQsp3 i AirQsp3G<\/strong> zastosowano mankiet samouszczelniaj\u0105cy si\u0119, kt\u00f3ry reaguje na ci\u015bnienie w drogach oddechowych. Port wyr\u00f3wnawczy umo\u017cliwia dopasowanie obj\u0119to\u015bci mankietu do aktualnych warunk\u00f3w wentylacji, co zwi\u0119ksza bezpiecze\u0144stwo pacjenta i komfort pracy personelu.<\/p>\n"]},{"blockName":"core\/heading","attrs":{"epAnimationGeneratedClass":"edplus_anim-cG7RJ5","epGeneratedClass":"eplus-wrapper"},"innerBlocks":[],"innerHTML":"\n<h2 class=\"wp-block-heading eplus-wrapper\"><strong>Maski AirQ3 w rozmiarach neonatologicznych<\/strong><\/h2>\n","innerContent":["\n<h2 class=\"wp-block-heading eplus-wrapper\"><strong>Maski AirQ3 w rozmiarach neonatologicznych<\/strong><\/h2>\n"]},{"blockName":"core\/paragraph","attrs":{"epAnimationGeneratedClass":"edplus_anim-RgjQbN","epGeneratedClass":"eplus-wrapper"},"innerBlocks":[],"innerHTML":"\n<p class=\" eplus-wrapper\">AirQ3 to jedyne maski krtaniowe dost\u0119pne w rozmiarze <strong>0<\/strong>, przeznaczone dla noworodk\u00f3w. Co istotne, projektanci nie zmniejszyli po prostu wersji dla doros\u0142ych. Zamiast tego stworzyli konstrukcj\u0119 dopasowan\u0105 do anatomii najm\u0142odszych pacjent\u00f3w. Dzi\u0119ki temu maski zapewniaj\u0105 stabilne uszczelnienie i bezpieczn\u0105 wentylacj\u0119 w najbardziej wymagaj\u0105cej grupie klinicznej.<\/p>\n","innerContent":["\n<p class=\" eplus-wrapper\">AirQ3 to jedyne maski krtaniowe dost\u0119pne w rozmiarze <strong>0<\/strong>, przeznaczone dla noworodk\u00f3w. Co istotne, projektanci nie zmniejszyli po prostu wersji dla doros\u0142ych. Zamiast tego stworzyli konstrukcj\u0119 dopasowan\u0105 do anatomii najm\u0142odszych pacjent\u00f3w. Dzi\u0119ki temu maski zapewniaj\u0105 stabilne uszczelnienie i bezpieczn\u0105 wentylacj\u0119 w najbardziej wymagaj\u0105cej grupie klinicznej.<\/p>\n"]},{"blockName":"core\/paragraph","attrs":{"epAnimationGeneratedClass":"edplus_anim-FVpDFi","epGeneratedClass":"eplus-wrapper"},"innerBlocks":[],"innerHTML":"\n<p class=\" eplus-wrapper\"><\/p>\n","innerContent":["\n<p class=\" eplus-wrapper\"><\/p>\n"]}],"meta_data":{"old_database_id":"2306","short_description":"Zaawansowana, ca\u0142kowicie silikonowa maska AirQ\u00ae3 pomaga zapewni\u0107 bezpiecze\u0144stwo w zarz\u0105dzaniu drogami oddechowymi, bezwzgl\u0119du na pojawiaj\u0105ce si\u0119 wyzwania. Unikalna d\u017awignia nag\u0142o\u015bni stanowi zabezpieczenie przed wklinowaniem nag\u0142o\u015bni, rampa dla rurki intubacyjnej u\u0142atwia proces intubacji przez mask\u0119. W ofercie dost\u0119pne s\u0105 maski bez kana\u0142u gastrycznego oraz z podw\u00f3jnym kana\u0142em gastrycznym, z mankietem pompowanym r\u0119cznie oraz z mankietem samouszczelniaj\u0105cym si\u0119. ","gallery":[{"ID":9284,"id":9284,"title":"Maski krtaniowe zdj\u0119cie - airQ3","filename":"Maski-krtaniowe-zdjecie-airQ3.png","filesize":553972,"url":"https:\/\/www.skamex.com.pl\/wp-content\/uploads\/2024\/01\/Maski-krtaniowe-zdjecie-airQ3.png","link":"https:\/\/www.skamex.com.pl\/oferta\/anestezjologia\/maski-krtaniowe\/maska-krtaniowa-airq3\/attachment\/maski-krtaniowe-zdjecie-airq3","alt":"","author":"5","description":"","caption":"","name":"maski-krtaniowe-zdjecie-airq3","status":"inherit","uploaded_to":4680,"date":"2024-05-16 10:06:51","modified":"2024-05-16 10:06:58","menu_order":0,"mime_type":"image\/png","type":"image","subtype":"png","icon":"https:\/\/www.skamex.com.pl\/wp-includes\/images\/media\/default.png","width":806,"height":577,"sizes":{"thumbnail":"https:\/\/www.skamex.com.pl\/wp-content\/uploads\/2024\/01\/Maski-krtaniowe-zdjecie-airQ3-150x150.png","thumbnail-width":150,"thumbnail-height":150,"medium":"https:\/\/www.skamex.com.pl\/wp-content\/uploads\/2024\/01\/Maski-krtaniowe-zdjecie-airQ3-300x215.png","medium-width":300,"medium-height":215,"medium_large":"https:\/\/www.skamex.com.pl\/wp-content\/uploads\/2024\/01\/Maski-krtaniowe-zdjecie-airQ3-768x550.png","medium_large-width":768,"medium_large-height":550,"large":"https:\/\/www.skamex.com.pl\/wp-content\/uploads\/2024\/01\/Maski-krtaniowe-zdjecie-airQ3.png","large-width":806,"large-height":577,"1536x1536":"https:\/\/www.skamex.com.pl\/wp-content\/uploads\/2024\/01\/Maski-krtaniowe-zdjecie-airQ3.png","1536x1536-width":806,"1536x1536-height":577,"2048x2048":"https:\/\/www.skamex.com.pl\/wp-content\/uploads\/2024\/01\/Maski-krtaniowe-zdjecie-airQ3.png","2048x2048-width":806,"2048x2048-height":577,"trp-custom-language-flag":"https:\/\/www.skamex.com.pl\/wp-content\/uploads\/2024\/01\/Maski-krtaniowe-zdjecie-airQ3-18x12.png","trp-custom-language-flag-width":18,"trp-custom-language-flag-height":12}},{"ID":10140,"id":10140,"title":"Gastric-AirQ3-Size-Chart_Web","filename":"Gastric-AirQ3-Size-Chart_Web.png","filesize":337607,"url":"https:\/\/www.skamex.com.pl\/wp-content\/uploads\/2024\/01\/Gastric-AirQ3-Size-Chart_Web.png","link":"https:\/\/www.skamex.com.pl\/oferta\/anestezjologia\/maski-krtaniowe\/maska-krtaniowa-airq3\/attachment\/gastric-airq3-size-chart_web","alt":"","author":"5","description":"","caption":"","name":"gastric-airq3-size-chart_web","status":"inherit","uploaded_to":4680,"date":"2024-06-04 11:24:58","modified":"2024-06-04 11:25:01","menu_order":0,"mime_type":"image\/png","type":"image","subtype":"png","icon":"https:\/\/www.skamex.com.pl\/wp-includes\/images\/media\/default.png","width":1493,"height":450,"sizes":{"thumbnail":"https:\/\/www.skamex.com.pl\/wp-content\/uploads\/2024\/01\/Gastric-AirQ3-Size-Chart_Web-150x150.png","thumbnail-width":150,"thumbnail-height":150,"medium":"https:\/\/www.skamex.com.pl\/wp-content\/uploads\/2024\/01\/Gastric-AirQ3-Size-Chart_Web-300x90.png","medium-width":300,"medium-height":90,"medium_large":"https:\/\/www.skamex.com.pl\/wp-content\/uploads\/2024\/01\/Gastric-AirQ3-Size-Chart_Web-768x231.png","medium_large-width":768,"medium_large-height":231,"large":"https:\/\/www.skamex.com.pl\/wp-content\/uploads\/2024\/01\/Gastric-AirQ3-Size-Chart_Web-1024x309.png","large-width":1024,"large-height":309,"1536x1536":"https:\/\/www.skamex.com.pl\/wp-content\/uploads\/2024\/01\/Gastric-AirQ3-Size-Chart_Web.png","1536x1536-width":1493,"1536x1536-height":450,"2048x2048":"https:\/\/www.skamex.com.pl\/wp-content\/uploads\/2024\/01\/Gastric-AirQ3-Size-Chart_Web.png","2048x2048-width":1493,"2048x2048-height":450,"trp-custom-language-flag":"https:\/\/www.skamex.com.pl\/wp-content\/uploads\/2024\/01\/Gastric-AirQ3-Size-Chart_Web-18x5.png","trp-custom-language-flag-width":18,"trp-custom-language-flag-height":5}}],"proposed_products":[4723,4724],"producer":7573,"product_code":"","files_to_download":false,"attributes":false,"advisers":"","is_thumbnail_background":false,"tile_background_color":"","additional_categories":"","full_img_cover":[]},"_links":{"self":[{"href":"https:\/\/www.skamex.com.pl\/index.php\/wp-json\/wp\/v2\/sk_offer\/4680","targetHints":{"allow":["GET"]}}],"collection":[{"href":"https:\/\/www.skamex.com.pl\/index.php\/wp-json\/wp\/v2\/sk_offer"}],"about":[{"href":"https:\/\/www.skamex.com.pl\/index.php\/wp-json\/wp\/v2\/types\/sk_offer"}],"version-history":[{"count":8,"href":"https:\/\/www.skamex.com.pl\/index.php\/wp-json\/wp\/v2\/sk_offer\/4680\/revisions"}],"predecessor-version":[{"id":15210,"href":"https:\/\/www.skamex.com.pl\/index.php\/wp-json\/wp\/v2\/sk_offer\/4680\/revisions\/15210"}],"up":[{"embeddable":true,"href":"https:\/\/www.skamex.com.pl\/index.php\/wp-json\/wp\/v2\/sk_offer\/4678"}],"wp:featuredmedia":[{"embeddable":true,"href":"https:\/\/www.skamex.com.pl\/index.php\/wp-json\/wp\/v2\/media\/9284"}],"wp:attachment":[{"href":"https:\/\/www.skamex.com.pl\/index.php\/wp-json\/wp\/v2\/media?parent=4680"}],"wp:term":[{"taxonomy":"sk_product_group","embeddable":true,"href":"https:\/\/www.skamex.com.pl\/index.php\/wp-json\/wp\/v2\/sk_product_group?post=4680"}],"curies":[{"name":"wp","href":"https:\/\/api.w.org\/{rel}","templated":true}]}}