{"id":4652,"date":"2024-01-14T13:47:38","date_gmt":"2024-01-14T12:47:38","guid":{"rendered":"https:\/\/new.skamex.com.pl\/oferta\/anestezjologia\/produkty-do-terapii-aerozolowej\/maska-aerozolowa"},"modified":"2024-06-10T14:36:16","modified_gmt":"2024-06-10T12:36:16","slug":"maska-aerozolowa","status":"publish","type":"sk_offer","link":"https:\/\/www.skamex.com.pl\/oferta\/anestezjologia\/produkty-do-terapii-aerozolowej\/maska-aerozolowa","title":{"rendered":"Maska aerozolowa"},"content":{"rendered":"<p class=\" eplus-wrapper eplus-styles-uid-24b8d8\"><span data-contrast=\"auto\">Mas\u00adka wyko\u00adnana jest z mi\u0119kkiego, lekkiego oraz wygod\u00adnego dla pac\u00adjen\u00adta mate\u00adri\u00ada\u0142u winy\u00adlowego. Anatomiczne uksz\u00adta\u0142\u00adtowanie mas\u00adki oraz zas\u00adtosowany mate\u00adri\u00ada\u0142 pozwala na dok\u0142adne dopa\u00adsowanie mas\u00adki do twarzy pac\u00adjen\u00adta. Mas\u00adka wyposa\u017cona jest w elasty\u00adczne pas\u00adki oraz stan\u00addar\u00add\u00adowe z\u0142\u0105cze 22 mm. <\/span><span data-ccp-props=\"{&quot;201341983&quot;:0,&quot;335559739&quot;:160,&quot;335559740&quot;:279}\">&nbsp;<\/span><\/p>\n\n<p class=\" eplus-wrapper eplus-styles-uid-24b8d8\"><span data-contrast=\"auto\">Mas\u00adki dost\u0119p\u00adne s\u0105 w rozmi\u00adarach pedi\u00adatrycznym oraz dla doros\u0142ych.<\/span><span data-ccp-props=\"{&quot;201341983&quot;:0,&quot;335559739&quot;:160,&quot;335559740&quot;:279}\">&nbsp;<\/span><\/p>","protected":false},"excerpt":{"rendered":"<p>Mas\u00adka aero\u00adzolowa firmy Med\u00adline o anatomicznym ksz\u00adta\u0142\u00adcie, wyd\u0142u\u017cona pod brod\u0119 umo\u017cli\u00adwia\u00adj\u0105\u00adca dok\u0142adne dopa\u00adsowanie <\/p>\n","protected":false},"featured_media":1847,"parent":4650,"menu_order":0,"template":"","sk_product_group":[],"class_list":["post-4652","sk_offer","type-sk_offer","status-publish","has-post-thumbnail","hentry"],"yoast_head":"<!-- This site is optimized with the Yoast SEO plugin v27.1.1 - https:\/\/yoast.com\/product\/yoast-seo-wordpress\/ -->\n<title>Maska aerozolowa - Skamex Stawiamy na Jako\u015b\u0107 w Trosce o Bezpiecze\u0144stwo<\/title>\n<meta name=\"robots\" content=\"index, follow, max-snippet:-1, max-image-preview:large, max-video-preview:-1\" \/>\n<link rel=\"canonical\" href=\"https:\/\/www.skamex.com.pl\/oferta\/anestezjologia\/produkty-do-terapii-aerozolowej\/maska-aerozolowa\" \/>\n<meta property=\"og:locale\" content=\"pl_PL\" \/>\n<meta property=\"og:type\" content=\"article\" \/>\n<meta property=\"og:title\" content=\"Maska aerozolowa - Skamex Stawiamy na Jako\u015b\u0107 w Trosce o Bezpiecze\u0144stwo\" \/>\n<meta property=\"og:description\" content=\"Maska aerozolowa firmy Medline o anatomicznym kszta\u0142cie, wyd\u0142u\u017cona pod brod\u0119 umo\u017cliwiaj\u0105ca dok\u0142adne dopasowanie\" \/>\n<meta property=\"og:url\" content=\"https:\/\/www.skamex.com.pl\/oferta\/anestezjologia\/produkty-do-terapii-aerozolowej\/maska-aerozolowa\" \/>\n<meta property=\"og:site_name\" content=\"Skamex\" \/>\n<meta property=\"article:publisher\" content=\"https:\/\/www.facebook.com\/skamex\/\" \/>\n<meta property=\"article:modified_time\" content=\"2024-06-10T12:36:16+00:00\" \/>\n<meta property=\"og:image\" content=\"https:\/\/www.skamex.com.pl\/wp-content\/uploads\/2024\/01\/maska-aerozolowa-01_243.jpg\" \/>\n\t<meta property=\"og:image:width\" content=\"333\" \/>\n\t<meta property=\"og:image:height\" content=\"293\" \/>\n\t<meta property=\"og:image:type\" content=\"image\/jpeg\" \/>\n<meta name=\"twitter:card\" content=\"summary_large_image\" \/>\n<meta name=\"twitter:label1\" content=\"Szacowany czas czytania\" \/>\n\t<meta name=\"twitter:data1\" content=\"1 minuta\" \/>\n<script type=\"application\/ld+json\" class=\"yoast-schema-graph\">{\"@context\":\"https:\/\/schema.org\",\"@graph\":[{\"@type\":\"WebPage\",\"@id\":\"https:\/\/www.skamex.com.pl\/oferta\/anestezjologia\/produkty-do-terapii-aerozolowej\/maska-aerozolowa\",\"url\":\"https:\/\/www.skamex.com.pl\/oferta\/anestezjologia\/produkty-do-terapii-aerozolowej\/maska-aerozolowa\",\"name\":\"Maska aerozolowa - Skamex Stawiamy na Jako\u015b\u0107 w Trosce o Bezpiecze\u0144stwo\",\"isPartOf\":{\"@id\":\"https:\/\/www.skamex.com.pl\/#website\"},\"primaryImageOfPage\":{\"@id\":\"https:\/\/www.skamex.com.pl\/oferta\/anestezjologia\/produkty-do-terapii-aerozolowej\/maska-aerozolowa#primaryimage\"},\"image\":{\"@id\":\"https:\/\/www.skamex.com.pl\/oferta\/anestezjologia\/produkty-do-terapii-aerozolowej\/maska-aerozolowa#primaryimage\"},\"thumbnailUrl\":\"https:\/\/www.skamex.com.pl\/wp-content\/uploads\/2024\/01\/maska-aerozolowa-01_243.jpg\",\"datePublished\":\"2024-01-14T12:47:38+00:00\",\"dateModified\":\"2024-06-10T12:36:16+00:00\",\"breadcrumb\":{\"@id\":\"https:\/\/www.skamex.com.pl\/oferta\/anestezjologia\/produkty-do-terapii-aerozolowej\/maska-aerozolowa#breadcrumb\"},\"inLanguage\":\"pl-PL\",\"potentialAction\":[{\"@type\":\"ReadAction\",\"target\":[\"https:\/\/www.skamex.com.pl\/oferta\/anestezjologia\/produkty-do-terapii-aerozolowej\/maska-aerozolowa\"]}]},{\"@type\":\"ImageObject\",\"inLanguage\":\"pl-PL\",\"@id\":\"https:\/\/www.skamex.com.pl\/oferta\/anestezjologia\/produkty-do-terapii-aerozolowej\/maska-aerozolowa#primaryimage\",\"url\":\"https:\/\/www.skamex.com.pl\/wp-content\/uploads\/2024\/01\/maska-aerozolowa-01_243.jpg\",\"contentUrl\":\"https:\/\/www.skamex.com.pl\/wp-content\/uploads\/2024\/01\/maska-aerozolowa-01_243.jpg\",\"width\":333,\"height\":293},{\"@type\":\"BreadcrumbList\",\"@id\":\"https:\/\/www.skamex.com.pl\/oferta\/anestezjologia\/produkty-do-terapii-aerozolowej\/maska-aerozolowa#breadcrumb\",\"itemListElement\":[{\"@type\":\"ListItem\",\"position\":1,\"name\":\"Strona g\u0142\u00f3wna\",\"item\":\"https:\/\/www.skamex.com.pl\/\"},{\"@type\":\"ListItem\",\"position\":2,\"name\":\"Oferta\",\"item\":\"https:\/\/www.skamex.com.pl\/oferta\"},{\"@type\":\"ListItem\",\"position\":3,\"name\":\"Maska aerozolowa\"}]},{\"@type\":\"WebSite\",\"@id\":\"https:\/\/www.skamex.com.pl\/#website\",\"url\":\"https:\/\/www.skamex.com.pl\/\",\"name\":\"Skamex- Jako\u015b\u0107 w trosce o bezpiecze\u0144stwo\",\"description\":\"\",\"publisher\":{\"@id\":\"https:\/\/www.skamex.com.pl\/#organization\"},\"potentialAction\":[{\"@type\":\"SearchAction\",\"target\":{\"@type\":\"EntryPoint\",\"urlTemplate\":\"https:\/\/www.skamex.com.pl\/?s={search_term_string}\"},\"query-input\":{\"@type\":\"PropertyValueSpecification\",\"valueRequired\":true,\"valueName\":\"search_term_string\"}}],\"inLanguage\":\"pl-PL\"},{\"@type\":\"Organization\",\"@id\":\"https:\/\/www.skamex.com.pl\/#organization\",\"name\":\"Skamex\",\"url\":\"https:\/\/www.skamex.com.pl\/\",\"logo\":{\"@type\":\"ImageObject\",\"inLanguage\":\"pl-PL\",\"@id\":\"https:\/\/www.skamex.com.pl\/#\/schema\/logo\/image\/\",\"url\":\"https:\/\/www.skamex.com.pl\/wp-content\/uploads\/2024\/02\/logo_skamex-e1715849609970.png\",\"contentUrl\":\"https:\/\/www.skamex.com.pl\/wp-content\/uploads\/2024\/02\/logo_skamex-e1715849609970.png\",\"width\":1312,\"height\":318,\"caption\":\"Skamex\"},\"image\":{\"@id\":\"https:\/\/www.skamex.com.pl\/#\/schema\/logo\/image\/\"},\"sameAs\":[\"https:\/\/www.facebook.com\/skamex\/\",\"https:\/\/www.linkedin.com\/company\/skamex\"]}]}<\/script>\n<!-- \/ Yoast SEO plugin. -->","yoast_head_json":{"title":"Maska aerozolowa - Skamex Stawiamy na Jako\u015b\u0107 w Trosce o Bezpiecze\u0144stwo","robots":{"index":"index","follow":"follow","max-snippet":"max-snippet:-1","max-image-preview":"max-image-preview:large","max-video-preview":"max-video-preview:-1"},"canonical":"https:\/\/www.skamex.com.pl\/oferta\/anestezjologia\/produkty-do-terapii-aerozolowej\/maska-aerozolowa","og_locale":"pl_PL","og_type":"article","og_title":"Maska aerozolowa - Skamex Stawiamy na Jako\u015b\u0107 w Trosce o Bezpiecze\u0144stwo","og_description":"Maska aerozolowa firmy Medline o anatomicznym kszta\u0142cie, wyd\u0142u\u017cona pod brod\u0119 umo\u017cliwiaj\u0105ca dok\u0142adne dopasowanie","og_url":"https:\/\/www.skamex.com.pl\/oferta\/anestezjologia\/produkty-do-terapii-aerozolowej\/maska-aerozolowa","og_site_name":"Skamex","article_publisher":"https:\/\/www.facebook.com\/skamex\/","article_modified_time":"2024-06-10T12:36:16+00:00","og_image":[{"width":333,"height":293,"url":"https:\/\/www.skamex.com.pl\/wp-content\/uploads\/2024\/01\/maska-aerozolowa-01_243.jpg","type":"image\/jpeg"}],"twitter_card":"summary_large_image","twitter_misc":{"Szacowany czas czytania":"1 minuta"},"schema":{"@context":"https:\/\/schema.org","@graph":[{"@type":"WebPage","@id":"https:\/\/www.skamex.com.pl\/oferta\/anestezjologia\/produkty-do-terapii-aerozolowej\/maska-aerozolowa","url":"https:\/\/www.skamex.com.pl\/oferta\/anestezjologia\/produkty-do-terapii-aerozolowej\/maska-aerozolowa","name":"Maska aerozolowa - Skamex Stawiamy na Jako\u015b\u0107 w Trosce o Bezpiecze\u0144stwo","isPartOf":{"@id":"https:\/\/www.skamex.com.pl\/#website"},"primaryImageOfPage":{"@id":"https:\/\/www.skamex.com.pl\/oferta\/anestezjologia\/produkty-do-terapii-aerozolowej\/maska-aerozolowa#primaryimage"},"image":{"@id":"https:\/\/www.skamex.com.pl\/oferta\/anestezjologia\/produkty-do-terapii-aerozolowej\/maska-aerozolowa#primaryimage"},"thumbnailUrl":"https:\/\/www.skamex.com.pl\/wp-content\/uploads\/2024\/01\/maska-aerozolowa-01_243.jpg","datePublished":"2024-01-14T12:47:38+00:00","dateModified":"2024-06-10T12:36:16+00:00","breadcrumb":{"@id":"https:\/\/www.skamex.com.pl\/oferta\/anestezjologia\/produkty-do-terapii-aerozolowej\/maska-aerozolowa#breadcrumb"},"inLanguage":"pl-PL","potentialAction":[{"@type":"ReadAction","target":["https:\/\/www.skamex.com.pl\/oferta\/anestezjologia\/produkty-do-terapii-aerozolowej\/maska-aerozolowa"]}]},{"@type":"ImageObject","inLanguage":"pl-PL","@id":"https:\/\/www.skamex.com.pl\/oferta\/anestezjologia\/produkty-do-terapii-aerozolowej\/maska-aerozolowa#primaryimage","url":"https:\/\/www.skamex.com.pl\/wp-content\/uploads\/2024\/01\/maska-aerozolowa-01_243.jpg","contentUrl":"https:\/\/www.skamex.com.pl\/wp-content\/uploads\/2024\/01\/maska-aerozolowa-01_243.jpg","width":333,"height":293},{"@type":"BreadcrumbList","@id":"https:\/\/www.skamex.com.pl\/oferta\/anestezjologia\/produkty-do-terapii-aerozolowej\/maska-aerozolowa#breadcrumb","itemListElement":[{"@type":"ListItem","position":1,"name":"Strona g\u0142\u00f3wna","item":"https:\/\/www.skamex.com.pl\/"},{"@type":"ListItem","position":2,"name":"Oferta","item":"https:\/\/www.skamex.com.pl\/oferta"},{"@type":"ListItem","position":3,"name":"Maska aerozolowa"}]},{"@type":"WebSite","@id":"https:\/\/www.skamex.com.pl\/#website","url":"https:\/\/www.skamex.com.pl\/","name":"Skamex- Jako\u015b\u0107 w trosce o bezpiecze\u0144stwo","description":"","publisher":{"@id":"https:\/\/www.skamex.com.pl\/#organization"},"potentialAction":[{"@type":"SearchAction","target":{"@type":"EntryPoint","urlTemplate":"https:\/\/www.skamex.com.pl\/?s={search_term_string}"},"query-input":{"@type":"PropertyValueSpecification","valueRequired":true,"valueName":"search_term_string"}}],"inLanguage":"pl-PL"},{"@type":"Organization","@id":"https:\/\/www.skamex.com.pl\/#organization","name":"Skamex","url":"https:\/\/www.skamex.com.pl\/","logo":{"@type":"ImageObject","inLanguage":"pl-PL","@id":"https:\/\/www.skamex.com.pl\/#\/schema\/logo\/image\/","url":"https:\/\/www.skamex.com.pl\/wp-content\/uploads\/2024\/02\/logo_skamex-e1715849609970.png","contentUrl":"https:\/\/www.skamex.com.pl\/wp-content\/uploads\/2024\/02\/logo_skamex-e1715849609970.png","width":1312,"height":318,"caption":"Skamex"},"image":{"@id":"https:\/\/www.skamex.com.pl\/#\/schema\/logo\/image\/"},"sameAs":["https:\/\/www.facebook.com\/skamex\/","https:\/\/www.linkedin.com\/company\/skamex"]}]}},"acf":[],"gutenberg_blocks":[{"blockName":"custom-styles","attrs":{"styles":".eplus-styles-uid-24b8d8{text-align:justify}"}},{"blockName":"core\/paragraph","attrs":{"epCustomTypography":{"lineHeight":{"value":"","important":false,"unit":"px"},"fontSize":{"value":"","important":false,"unit":"px"},"letterSpacing":{"value":"","important":false,"unit":"px"},"fontWeight":null,"textStyle":[],"textColor":{"color":"","imp":false},"underline":{"color":"","style":""},"lineThrough":{"color":"","style":""},"textAlignment":"justify"},"epAnimationGeneratedClass":"edplus_anim-2DIYW1","epGeneratedClass":"eplus-wrapper"},"innerBlocks":[],"innerHTML":"<p class=\" eplus-wrapper eplus-styles-uid-24b8d8\"><span data-contrast=\"auto\">Maska wykonana jest z mi\u0119kkiego, lekkiego oraz wygodnego dla pacjenta materia\u0142u winylowego. Anatomiczne ukszta\u0142towanie maski oraz zastosowany materia\u0142 pozwala na dok\u0142adne dopasowanie maski do twarzy pacjenta. Maska wyposa\u017cona jest w elastyczne paski oraz standardowe z\u0142\u0105cze 22 mm. <\/span><span data-ccp-props='{\"201341983\":0,\"335559739\":160,\"335559740\":279}'>\u00a0<\/span><\/p>","innerContent":["\n<p class=\" eplus-wrapper\"><span data-contrast=\"auto\">Maska wykonana jest z mi\u0119kkiego, lekkiego oraz wygodnego dla pacjenta materia\u0142u winylowego. Anatomiczne ukszta\u0142towanie maski oraz zastosowany materia\u0142 pozwala na dok\u0142adne dopasowanie maski do twarzy pacjenta. Maska wyposa\u017cona jest w elastyczne paski oraz standardowe z\u0142\u0105cze 22 mm. <\/span><span data-ccp-props=\"{&quot;201341983&quot;:0,&quot;335559739&quot;:160,&quot;335559740&quot;:279}\">&nbsp;<\/span><\/p>\n"]},{"blockName":"core\/paragraph","attrs":{"epCustomTypography":{"lineHeight":{"value":"","important":false,"unit":"px"},"fontSize":{"value":"","important":false,"unit":"px"},"letterSpacing":{"value":"","important":false,"unit":"px"},"fontWeight":null,"textStyle":[],"textColor":{"color":"","imp":false},"underline":{"color":"","style":""},"lineThrough":{"color":"","style":""},"textAlignment":"justify"},"epAnimationGeneratedClass":"edplus_anim-1lYbYd","epGeneratedClass":"eplus-wrapper"},"innerBlocks":[],"innerHTML":"<p class=\" eplus-wrapper eplus-styles-uid-24b8d8\"><span data-contrast=\"auto\">Maski dost\u0119pne s\u0105 w rozmiarach pediatrycznym oraz dla doros\u0142ych.<\/span><span data-ccp-props='{\"201341983\":0,\"335559739\":160,\"335559740\":279}'>\u00a0<\/span><\/p>","innerContent":["\n<p class=\" eplus-wrapper\"><span data-contrast=\"auto\">Maski dost\u0119pne s\u0105 w rozmiarach pediatrycznym oraz dla doros\u0142ych.<\/span><span data-ccp-props=\"{&quot;201341983&quot;:0,&quot;335559739&quot;:160,&quot;335559740&quot;:279}\">&nbsp;<\/span><\/p>\n"]}],"meta_data":{"old_database_id":"662","short_description":"Maska aerozolowa firmy Medline o anatomicznym kszta\u0142cie, wyd\u0142u\u017cona pod brod\u0119 umo\u017cliwiaj\u0105ca dok\u0142adne dopasowanie ","gallery":[{"ID":1847,"id":1847,"title":"maska-aerozolowa-01_243","filename":"maska-aerozolowa-01_243.jpg","filesize":39151,"url":"https:\/\/www.skamex.com.pl\/wp-content\/uploads\/2024\/01\/maska-aerozolowa-01_243.jpg","link":"https:\/\/www.skamex.com.pl\/oferta\/anestezjologia\/attachment\/maska-aerozolowa-01_243","alt":"","author":"1","description":"","caption":"","name":"maska-aerozolowa-01_243","status":"inherit","uploaded_to":197,"date":"2024-01-11 13:28:36","modified":"2024-01-11 13:28:36","menu_order":0,"mime_type":"image\/jpeg","type":"image","subtype":"jpeg","icon":"https:\/\/www.skamex.com.pl\/wp-includes\/images\/media\/default.png","width":333,"height":293,"sizes":{"thumbnail":"https:\/\/www.skamex.com.pl\/wp-content\/uploads\/2024\/01\/maska-aerozolowa-01_243-150x150.jpg","thumbnail-width":150,"thumbnail-height":150,"medium":"https:\/\/www.skamex.com.pl\/wp-content\/uploads\/2024\/01\/maska-aerozolowa-01_243-300x264.jpg","medium-width":300,"medium-height":264,"medium_large":"https:\/\/www.skamex.com.pl\/wp-content\/uploads\/2024\/01\/maska-aerozolowa-01_243.jpg","medium_large-width":333,"medium_large-height":293,"large":"https:\/\/www.skamex.com.pl\/wp-content\/uploads\/2024\/01\/maska-aerozolowa-01_243.jpg","large-width":333,"large-height":293,"1536x1536":"https:\/\/www.skamex.com.pl\/wp-content\/uploads\/2024\/01\/maska-aerozolowa-01_243.jpg","1536x1536-width":333,"1536x1536-height":293,"2048x2048":"https:\/\/www.skamex.com.pl\/wp-content\/uploads\/2024\/01\/maska-aerozolowa-01_243.jpg","2048x2048-width":333,"2048x2048-height":293,"trp-custom-language-flag":"https:\/\/www.skamex.com.pl\/wp-content\/uploads\/2024\/01\/maska-aerozolowa-01_243-14x12.jpg","trp-custom-language-flag-width":14,"trp-custom-language-flag-height":12}}],"proposed_products":[4654,4655],"producer":2348,"product_code":"","files_to_download":false,"attributes":false,"advisers":"","is_thumbnail_background":false,"tile_background_color":"","additional_categories":""},"_links":{"self":[{"href":"https:\/\/www.skamex.com.pl\/index.php\/wp-json\/wp\/v2\/sk_offer\/4652","targetHints":{"allow":["GET"]}}],"collection":[{"href":"https:\/\/www.skamex.com.pl\/index.php\/wp-json\/wp\/v2\/sk_offer"}],"about":[{"href":"https:\/\/www.skamex.com.pl\/index.php\/wp-json\/wp\/v2\/types\/sk_offer"}],"version-history":[{"count":2,"href":"https:\/\/www.skamex.com.pl\/index.php\/wp-json\/wp\/v2\/sk_offer\/4652\/revisions"}],"predecessor-version":[{"id":10370,"href":"https:\/\/www.skamex.com.pl\/index.php\/wp-json\/wp\/v2\/sk_offer\/4652\/revisions\/10370"}],"up":[{"embeddable":true,"href":"https:\/\/www.skamex.com.pl\/index.php\/wp-json\/wp\/v2\/sk_offer\/4650"}],"wp:featuredmedia":[{"embeddable":true,"href":"https:\/\/www.skamex.com.pl\/index.php\/wp-json\/wp\/v2\/media\/1847"}],"wp:attachment":[{"href":"https:\/\/www.skamex.com.pl\/index.php\/wp-json\/wp\/v2\/media?parent=4652"}],"wp:term":[{"taxonomy":"sk_product_group","embeddable":true,"href":"https:\/\/www.skamex.com.pl\/index.php\/wp-json\/wp\/v2\/sk_product_group?post=4652"}],"curies":[{"name":"wp","href":"https:\/\/api.w.org\/{rel}","templated":true}]}}